{"id":4474,"date":"2019-12-17T09:03:05","date_gmt":"2019-12-17T07:03:05","guid":{"rendered":"https:\/\/2020.vienna.wordcamp.org\/?page_id=4474"},"modified":"2019-12-17T09:06:25","modified_gmt":"2019-12-17T07:06:25","slug":"speakers","status":"publish","type":"page","link":"https:\/\/vienna.wordcamp.org\/2020\/speakers\/","title":{"rendered":"Speakers"},"content":{"rendered":"\n<p class=\"wp-block-paragraph\">Our lineup of great Speakers for WordCamp Vienna 2020<\/p>\n\n\n\n\t<div class=\"wcorg-speakers\">\n\n\t\t\n\t\t\t<!-- Organizers note: The id attribute is deprecated and only remains for backwards compatibility, please use the corresponding class to target individual speakers -->\n\t\t\t<div id=\"wcorg-speaker-thomas-kraftner\" class=\"wcorg-speaker wcorg-speaker-thomas-kraftner wcorg-track-track3\">\n\t\t\t\t<h2>\n\t\t\t\t\t\n\t\t\t\t\t\tThomas Kr\u00e4ftner\n\t\t\t\t\t\t\t\t\t<\/h2>\n\n\t\t\t\t<div class=\"wcorg-speaker-description\">\n\t\t\t\t\t<img alt='' src='https:\/\/secure.gravatar.com\/avatar\/aa199706bdce39f9c329ab8f0f9aa81ba68ddbda7cee7e57ec89bf5924fd77a5?s=100&#038;d=mm&#038;r=g' srcset='https:\/\/secure.gravatar.com\/avatar\/aa199706bdce39f9c329ab8f0f9aa81ba68ddbda7cee7e57ec89bf5924fd77a5?s=200&#038;d=mm&#038;r=g 2x' class='avatar avatar-100 photo' height='100' width='100' \/>\t\t\t\t\t\n<p class=\"wp-block-paragraph\">Thomas Kr\u00e4ftner is an interactive developer with a degree in Information Design. While having a clear focus on web development, he always keeps his mind open and has a good understanding of a lot of surrounding fields. With 10 years of professional experience as a freelancer his topmost goal is to present his clients content in exciting, effective and aesthetically appealing ways.<\/p>\n\n\n\n<p class=\"wp-block-paragraph\">Apart from online presences he is also interested in concise information-visualizations and interesting generative design. He is an active member of the WordPress Development Community on Stackexchange and has been co-organizing the WPVienna Meetup from 2014 to 2019 as well as WordCamp Vienna 2015, 2018 and 2019.<\/p>\n\t\t\t\t<\/div>\n\t\t\t<\/div>\n\n\t\t\n\t\t\t<!-- Organizers note: The id attribute is deprecated and only remains for backwards compatibility, please use the corresponding class to target individual speakers -->\n\t\t\t<div id=\"wcorg-speaker-christie-witt\" class=\"wcorg-speaker wcorg-speaker-christie-witt wcorg-track-track2\">\n\t\t\t\t<h2>\n\t\t\t\t\t\n\t\t\t\t\t\tChristie Witt\n\t\t\t\t\t\t\t\t\t<\/h2>\n\n\t\t\t\t<div class=\"wcorg-speaker-description\">\n\t\t\t\t\t<img alt='' src='https:\/\/secure.gravatar.com\/avatar\/44882ae3c30da26b13be0611b457a418528ad993fd5010b4843064850cf2be78?s=100&#038;d=mm&#038;r=g' srcset='https:\/\/secure.gravatar.com\/avatar\/44882ae3c30da26b13be0611b457a418528ad993fd5010b4843064850cf2be78?s=200&#038;d=mm&#038;r=g 2x' class='avatar avatar-100 photo' height='100' width='100' \/>\t\t\t\t\t\n<p class=\"wp-block-paragraph\">Christie Witt is the Creative Specialist at Eclipse Foundation. Christie develops the marketing and print materials produced. This includes the production of event signage, tradeshow collateral, presentation templates, e-books, whitepapers, promotional videos, and custom photography.<\/p>\n\n\n\n<p class=\"wp-block-paragraph\">Christie has over ten years of experience with cross-platform digital design and print design for public and private sectors, as well as non-profit associations. She\u2019s worked on a wide range of projects, including corporate re-brands and web integrations to content management systems.<\/p>\n\n\n\n<p class=\"wp-block-paragraph\">In her spare time, Christie is a passionate WordPress instructor to Ottawa residents through her start-up \u2013 WP Progression. She\u2019s been a member of the WordCamp Ottawa organizing team since 2017, and her passion for WordPress has driven her to speak at WordCamp Toronto, WordCamp Ottawa and the WordPress Ottawa Meetup.<\/p>\n\t\t\t\t<\/div>\n\t\t\t<\/div>\n\n\t\t\n\t\t\t<!-- Organizers note: The id attribute is deprecated and only remains for backwards compatibility, please use the corresponding class to target individual speakers -->\n\t\t\t<div id=\"wcorg-speaker-nestor-angulo-de-ugarte\" class=\"wcorg-speaker wcorg-speaker-nestor-angulo-de-ugarte wcorg-track-track2\">\n\t\t\t\t<h2>\n\t\t\t\t\t\n\t\t\t\t\t\tNestor Angulo de Ugarte\n\t\t\t\t\t\t\t\t\t<\/h2>\n\n\t\t\t\t<div class=\"wcorg-speaker-description\">\n\t\t\t\t\t<img alt='' src='https:\/\/secure.gravatar.com\/avatar\/71549482190d563d6c694f987b5b92f8baefd4cf09ee98c99e7802e4adf3fb00?s=100&#038;d=mm&#038;r=g' srcset='https:\/\/secure.gravatar.com\/avatar\/71549482190d563d6c694f987b5b92f8baefd4cf09ee98c99e7802e4adf3fb00?s=200&#038;d=mm&#038;r=g 2x' class='avatar avatar-100 photo' height='100' width='100' \/>\t\t\t\t\t\n<p class=\"wp-block-paragraph\">Technology enthusiast, Computer Science Engineer, early adopter, photographer, coffee lover and passionate about learning&#8230; Living in Canary Islands, Spain,  <\/p>\n\n\n\n<p class=\"wp-block-paragraph\">The way I get fed my huge curiosity is working remotely as Security Analyst at GoDaddy Security and at <a href=\"https:\/\/sucuri.net\/\" target=\"_blank\" rel=\"noreferrer noopener\" aria-label=\"Sucuri (opens in a new tab)\">Sucuri<\/a>, where I&#8217;m in touch everyday with the cybersecurity world, hackers, backdoors, etc. <\/p>\n\n\n\n<p class=\"wp-block-paragraph\">There is lots of fun, I promise!<\/p>\n\t\t\t\t<\/div>\n\t\t\t<\/div>\n\n\t\t\n\t\t\t<!-- Organizers note: The id attribute is deprecated and only remains for backwards compatibility, please use the corresponding class to target individual speakers -->\n\t\t\t<div id=\"wcorg-speaker-franz-wieser\" class=\"wcorg-speaker wcorg-speaker-franz-wieser wcorg-track-workshop2\">\n\t\t\t\t<h2>\n\t\t\t\t\t\n\t\t\t\t\t\tFranz Wieser\n\t\t\t\t\t\t\t\t\t<\/h2>\n\n\t\t\t\t<div class=\"wcorg-speaker-description\">\n\t\t\t\t\t<img alt='' src='https:\/\/secure.gravatar.com\/avatar\/1ab74fc0118e589f085cdd84fe5b7a1073ea2aefb5b6fe33247a4428aa4bf078?s=100&#038;d=mm&#038;r=g' srcset='https:\/\/secure.gravatar.com\/avatar\/1ab74fc0118e589f085cdd84fe5b7a1073ea2aefb5b6fe33247a4428aa4bf078?s=200&#038;d=mm&#038;r=g 2x' class='avatar avatar-100 photo' height='100' width='100' \/>\t\t\t\t\t\n<p class=\"wp-block-paragraph\">IT Entwickler Seit 1988 WordPress seit ca 2006 als Anwender WordPress Plugin Entwicklung WordPress Meetup in Linz seit 2015 Wordcamp Vienna 2017 \u2013 WP Hallo Welt.\u00a0<a rel=\"noreferrer noopener\" href=\"http:\/\/www.wieser.at\/\" target=\"_blank\">www.wieser.at\/wordpress<\/a><\/p>\n\t\t\t\t<\/div>\n\t\t\t<\/div>\n\n\t\t\n\t\t\t<!-- Organizers note: The id attribute is deprecated and only remains for backwards compatibility, please use the corresponding class to target individual speakers -->\n\t\t\t<div id=\"wcorg-speaker-marcel-tannich\" class=\"wcorg-speaker wcorg-speaker-marcel-tannich wcorg-track-track3\">\n\t\t\t\t<h2>\n\t\t\t\t\t\n\t\t\t\t\t\tMarcel Tannich\n\t\t\t\t\t\t\t\t\t<\/h2>\n\n\t\t\t\t<div class=\"wcorg-speaker-description\">\n\t\t\t\t\t<img alt='' src='https:\/\/secure.gravatar.com\/avatar\/989c1335d769091c62e0deef931f8bf136242e74a4f3117dae4831d96395951d?s=100&#038;d=mm&#038;r=g' srcset='https:\/\/secure.gravatar.com\/avatar\/989c1335d769091c62e0deef931f8bf136242e74a4f3117dae4831d96395951d?s=200&#038;d=mm&#038;r=g 2x' class='avatar avatar-100 photo' height='100' width='100' \/>\t\t\t\t\t\n<p class=\"wp-block-paragraph\">Marcel Tanich is a passionate coder &amp; WordPress Enthusiast originally from Innsbruck, living in Spain. <\/p>\n\n\n\n<p class=\"wp-block-paragraph\">He works for OnTheGoSystems, the company behind the popular WordPress plugins WPML and Toolset, where he helps clients all over the world to make their websites multilingual as a WPML supporter. <\/p>\n\n\n\n<p class=\"wp-block-paragraph\">He\u2019s been working with WordPress for more than 8 years and has more than 10 years experience in the tech industry as a developer &amp; software supporter.<\/p>\n\t\t\t\t<\/div>\n\t\t\t<\/div>\n\n\t\t\n\t\t\t<!-- Organizers note: The id attribute is deprecated and only remains for backwards compatibility, please use the corresponding class to target individual speakers -->\n\t\t\t<div id=\"wcorg-speaker-estela-rueda\" class=\"wcorg-speaker wcorg-speaker-estela-rueda wcorg-track-contributing\">\n\t\t\t\t<h2>\n\t\t\t\t\t\n\t\t\t\t\t\tEstela Rueda\n\t\t\t\t\t\t\t\t\t<\/h2>\n\n\t\t\t\t<div class=\"wcorg-speaker-description\">\n\t\t\t\t\t<img alt='' src='https:\/\/secure.gravatar.com\/avatar\/2a8ae1349ffc717ca00609d1b256f69c12b39fc742c5a0242194a8b9112ddb7c?s=100&#038;d=mm&#038;r=g' srcset='https:\/\/secure.gravatar.com\/avatar\/2a8ae1349ffc717ca00609d1b256f69c12b39fc742c5a0242194a8b9112ddb7c?s=200&#038;d=mm&#038;r=g 2x' class='avatar avatar-100 photo' height='100' width='100' \/>\t\t\t\t\t\n<p class=\"wp-block-paragraph\">I am a freelance UI\/UX designer designing WordPress sites for the past 10 years. A WordCamp volunteer and organizer for Europe, Utrecht, Rotterdam, Nijmegen, and The Netherlands. I volunteer 10 hours per week to the WordPress project, in the design and documentation teams, being my main focus on the new design and classification for HelpHub\/documentation. You can find me on Slack and\u00a0<a href=\"http:\/\/wordpress.org\/\">WordPress.org<\/a>\u00a0as\u00a0@estelaris Twitter\u00a0@estelarueda.<\/p>\n\t\t\t\t<\/div>\n\t\t\t<\/div>\n\n\t\t\n\t\t\t<!-- Organizers note: The id attribute is deprecated and only remains for backwards compatibility, please use the corresponding class to target individual speakers -->\n\t\t\t<div id=\"wcorg-speaker-peter-putzer\" class=\"wcorg-speaker wcorg-speaker-peter-putzer wcorg-track-track3\">\n\t\t\t\t<h2>\n\t\t\t\t\t\n\t\t\t\t\t\tPeter Putzer\n\t\t\t\t\t\t\t\t\t<\/h2>\n\n\t\t\t\t<div class=\"wcorg-speaker-description\">\n\t\t\t\t\t<img alt='' src='https:\/\/secure.gravatar.com\/avatar\/00131142442b12d340a53450fa587d293fa038fbc412e4d6e9f67dc2aa4ef5e1?s=100&#038;d=mm&#038;r=g' srcset='https:\/\/secure.gravatar.com\/avatar\/00131142442b12d340a53450fa587d293fa038fbc412e4d6e9f67dc2aa4ef5e1?s=200&#038;d=mm&#038;r=g 2x' class='avatar avatar-100 photo' height='100' width='100' \/>\t\t\t\t\t\n<p class=\"wp-block-paragraph\">Peter holds a degree in applied computer science (Dipl.-Ing.\/Angewandte Informatik) and has been working in the field since 2006.<\/p>\n\n\n\n<p class=\"wp-block-paragraph\">He\u2019s been a WordPress user since 2012 and a plugin developer since 2013 (<a href=\"https:\/\/wordpress.org\/plugins\/avatar-privacy\/\">Avatar Privacy<\/a>,&nbsp;<a href=\"https:\/\/wordpress.org\/plugins\/media-credit\/\">Media Credit<\/a>,&nbsp;<a href=\"https:\/\/wordpress.org\/plugins\/wp-typography\/\">wp-Typography<\/a>). In his spare time, Peter is also a passionate amateur cook and an&nbsp;<a href=\"https:\/\/mundschenk.at\/\">occasional food blogger<\/a>.<\/p>\n\t\t\t\t<\/div>\n\t\t\t<\/div>\n\n\t\t\n\t\t\t<!-- Organizers note: The id attribute is deprecated and only remains for backwards compatibility, please use the corresponding class to target individual speakers -->\n\t\t\t<div id=\"wcorg-speaker-martin-sternsberger\" class=\"wcorg-speaker wcorg-speaker-martin-sternsberger wcorg-track-track3 wcorg-track-track1 wcorg-track-track2\">\n\t\t\t\t<h2>\n\t\t\t\t\t\n\t\t\t\t\t\tMartin Sternsberger\n\t\t\t\t\t\t\t\t\t<\/h2>\n\n\t\t\t\t<div class=\"wcorg-speaker-description\">\n\t\t\t\t\t<img alt='' src='https:\/\/secure.gravatar.com\/avatar\/6abe5af3c99d68f54a46821a64cb119611d0638669bffb0215888e6acb0fb7f6?s=100&#038;d=mm&#038;r=g' srcset='https:\/\/secure.gravatar.com\/avatar\/6abe5af3c99d68f54a46821a64cb119611d0638669bffb0215888e6acb0fb7f6?s=200&#038;d=mm&#038;r=g 2x' class='avatar avatar-100 photo' height='100' width='100' \/>\t\t\t\t\t\n<p class=\"wp-block-paragraph\">Martin Sternsberger is one of the <a href=\"https:\/\/wp-stars.com\">WP-Stars<\/a> (<a href=\"https:\/\/wp-stars.com\" target=\"_blank\" rel=\"noreferrer noopener\">wp-stars.com<\/a>), an internet agency fully dedicated to WordPress. Martin is \u201eonline&#8221; since 1984. In 1996, he founded one of the first internet agencies in Austria, consulting clients like Mercedes-Benz, Eckes-Granini, Suzuki, Gabor Shoes, Prefa, etc. and successfully sold that company in 2010. Prior to that he was head of software development (card access) at SkiData, an Austrian-based, international high-tech company.<\/p>\n\n\n\n<p class=\"wp-block-paragraph\">Martin holds an International Executive MBA and is a trained coach and instructor. He is an Austrian citizen, lives in Vienna, and speaks German and English.<\/p>\n\t\t\t\t<\/div>\n\t\t\t<\/div>\n\n\t\t\n\t\t\t<!-- Organizers note: The id attribute is deprecated and only remains for backwards compatibility, please use the corresponding class to target individual speakers -->\n\t\t\t<div id=\"wcorg-speaker-robert-windisch\" class=\"wcorg-speaker wcorg-speaker-robert-windisch wcorg-track-contributing wcorg-track-track2\">\n\t\t\t\t<h2>\n\t\t\t\t\t\n\t\t\t\t\t\tRobert Windisch\n\t\t\t\t\t\t\t\t\t<\/h2>\n\n\t\t\t\t<div class=\"wcorg-speaker-description\">\n\t\t\t\t\t<img alt='' src='https:\/\/secure.gravatar.com\/avatar\/8f47320ec43c97d6d56550d6c6c37668d81e34823959893dc1eb52e2f642e968?s=100&#038;d=mm&#038;r=g' srcset='https:\/\/secure.gravatar.com\/avatar\/8f47320ec43c97d6d56550d6c6c37668d81e34823959893dc1eb52e2f642e968?s=200&#038;d=mm&#038;r=g 2x' class='avatar avatar-100 photo' height='100' width='100' \/>\t\t\t\t\t\n<p class=\"wp-block-paragraph\">WordPress Agency CIO and part of the WordPress community since 2005.<\/p>\n\n\n\n<p class=\"wp-block-paragraph\">He is wearing a hat at different conferences and can talk for hours about multilingual Websites.<br><\/p>\n\t\t\t\t<\/div>\n\t\t\t<\/div>\n\n\t\t\n\t\t\t<!-- Organizers note: The id attribute is deprecated and only remains for backwards compatibility, please use the corresponding class to target individual speakers -->\n\t\t\t<div id=\"wcorg-speaker-florian-schauer-bieche\" class=\"wcorg-speaker wcorg-speaker-florian-schauer-bieche wcorg-track-track1\">\n\t\t\t\t<h2>\n\t\t\t\t\t\n\t\t\t\t\t\tFlorian Schauer-Bieche\n\t\t\t\t\t\t\t\t\t<\/h2>\n\n\t\t\t\t<div class=\"wcorg-speaker-description\">\n\t\t\t\t\t<img alt='' src='https:\/\/secure.gravatar.com\/avatar\/8ecce487c90102eb33cd1f2958bf2f381bd70d923e44ac343c37f141f3cb08a6?s=100&#038;d=mm&#038;r=g' srcset='https:\/\/secure.gravatar.com\/avatar\/8ecce487c90102eb33cd1f2958bf2f381bd70d923e44ac343c37f141f3cb08a6?s=200&#038;d=mm&#038;r=g 2x' class='avatar avatar-100 photo' height='100' width='100' \/>\t\t\t\t\t\n<p class=\"wp-block-paragraph\">The best story is the one in which people believe. Sounds easy, but it definitely isn&#8217;t. That&#8217;s why you need Storyteller and Campaigner. Here I am &#8211; my name is Florian Schauer-Bieche. I&#8217;m The Content Coach (like the same named book &#8220;Der Content-Coach&#8221;), Storyteller, Campaigner and Writer. What do I do? Frankly spoken: Making up ideas and strategies to create, tell and sell stories. I&#8217;m the one you hire if you need a story and a plan to distribute and sell it. I&#8217;m the one who gets your content the attention it needs and deserves. Still not convinced? Think of mad men (the show!). Yup. That&#8217;s me, but only more digital and without all the whiskey-soaked blabla. <\/p>\n\n\n\n<p class=\"wp-block-paragraph\">When I was a kid I wanted to become a rockstar. Today? I&#8217;m <a rel=\"noreferrer noopener\" aria-label=\"content coach and consultant (opens in a new tab)\" href=\"https:\/\/dercontentcoach.com\/\" target=\"_blank\">content coach and consultant<\/a>. Instead of being pelted with panties I&#8217;m battered with questions like &#8220;How do I get more attention for my brand?&#8221; or &#8220;Can you develop the best story for our next big ad?&#8221;. My groupies: CEOs, entrepreneurs, corporates. My performance: Create, tell and sell! My claim: Break the rules (So, not that far away from a rockstar I guess.) <\/p>\n\n\n\n<p class=\"wp-block-paragraph\">I am content coach and design thinker, communication consultant and writer. Master\u2019s degree in Media and Communication Studies. Since 2005 I have constantly been working in the field of media- and communications. I started as a journalist, worked in Klagenfurt, Graz and Zurich (NZZ). Later I focused on communication consulting an PR. <\/p>\n\n\n\n<p class=\"wp-block-paragraph\">Since 2012 I am managing partner and shareholder of Bieche &amp; Partner GmbH. We are a successful family business, in the game for more than 21 years now &#8211; offering coaching, training, content, consulting. <\/p>\n\n\n\n<p class=\"wp-block-paragraph\">I help people to build their brands, increase sales, improve content and communication, creating new ideas and developing concepts and strategies. I help to get the attention. For local and global firms in the banking industry, real estate business, media companies, publishers, pharmaceutical companies and IT.  <a href=\"https:\/\/breaktherules.today\/\">www.breaktherules.today<\/a><\/p>\n\t\t\t\t<\/div>\n\t\t\t<\/div>\n\n\t\t\n\t\t\t<!-- Organizers note: The id attribute is deprecated and only remains for backwards compatibility, please use the corresponding class to target individual speakers -->\n\t\t\t<div id=\"wcorg-speaker-david-stockl\" class=\"wcorg-speaker wcorg-speaker-david-stockl wcorg-track-track1\">\n\t\t\t\t<h2>\n\t\t\t\t\t\n\t\t\t\t\t\tDavid St\u00f6ckl\n\t\t\t\t\t\t\t\t\t<\/h2>\n\n\t\t\t\t<div class=\"wcorg-speaker-description\">\n\t\t\t\t\t<img alt='' src='https:\/\/secure.gravatar.com\/avatar\/36ac7ef41a67b1f17f4f478e34139163459e1127289308f2e644685c3ecf6b42?s=100&#038;d=mm&#038;r=g' srcset='https:\/\/secure.gravatar.com\/avatar\/36ac7ef41a67b1f17f4f478e34139163459e1127289308f2e644685c3ecf6b42?s=200&#038;d=mm&#038;r=g 2x' class='avatar avatar-100 photo' height='100' width='100' \/>\t\t\t\t\t\n<p class=\"wp-block-paragraph\">David ist seit \u00fcber zehn Jahren als studierter <a rel=\"noreferrer noopener\" aria-label=\"Web-Programmierer, Freelancer und Software-Entwickler (opens in a new tab)\" href=\"https:\/\/www.blackbam.at\/web-entwicklung\/\" target=\"_blank\">Web-Programmierer, Freelancer und Software-Entwickler<\/a> im Bereich Wien und Umgebung t\u00e4tig. In dieser Zeit wurden hunderte WordPress-Projekte f\u00fcr Kunden aus fast allen Branchen erfolgreich umgesetzt. <\/p>\n\n\n\n<p class=\"wp-block-paragraph\">David hat sich vor allem auf PHP Backend-Entwicklung sowie saubere Frontends mit HTML 5, CSS 3, jQuery (und mehr) spezialisiert. Seiner Meinung nach sind die wichtigsten Kriterien f\u00fcr die Umsetzung von WordPress Projekten sauberer und erweiterbarer Code,&nbsp; Effizienz, Nachhaltigkeit, sowie Reduktion auf Features und Komponenten die wirklich notwendig sind. <\/p>\n\n\n\n<p class=\"wp-block-paragraph\">Das Ziel sollte stets sein die Arbeitsprozesse der Kunden zu vereinfachen und zu erleichtern und diese optimal im Web zu pr\u00e4sentieren.<\/p>\n\t\t\t\t<\/div>\n\t\t\t<\/div>\n\n\t\t\n\t\t\t<!-- Organizers note: The id attribute is deprecated and only remains for backwards compatibility, please use the corresponding class to target individual speakers -->\n\t\t\t<div id=\"wcorg-speaker-thomas-kloos\" class=\"wcorg-speaker wcorg-speaker-thomas-kloos wcorg-track-track2\">\n\t\t\t\t<h2>\n\t\t\t\t\t\n\t\t\t\t\t\tThomas Kloos\n\t\t\t\t\t\t\t\t\t<\/h2>\n\n\t\t\t\t<div class=\"wcorg-speaker-description\">\n\t\t\t\t\t<img alt='' src='https:\/\/secure.gravatar.com\/avatar\/23669473f98a5ab45e48fa91eff8246008daaace4d861d46217ef3941f2e0a66?s=100&#038;d=mm&#038;r=g' srcset='https:\/\/secure.gravatar.com\/avatar\/23669473f98a5ab45e48fa91eff8246008daaace4d861d46217ef3941f2e0a66?s=200&#038;d=mm&#038;r=g 2x' class='avatar avatar-100 photo' height='100' width='100' \/>\t\t\t\t\t\n<p class=\"wp-block-paragraph\">Thomas is the founder and CEO of <a href=\"https:\/\/www.kloos.at\/\" target=\"_blank\" rel=\"noreferrer noopener\" aria-label=\".kloos KG, an SEO agency in Vienna (opens in a new tab)\">.kloos KG, an SEO agency in Vienna<\/a> with a heavy focus on international projects and a strong client base in the US. He\u2019s been doing SEO for 15 years and is still as excited about it as on day one.<\/p>\n\t\t\t\t<\/div>\n\t\t\t<\/div>\n\n\t\t\n\t\t\t<!-- Organizers note: The id attribute is deprecated and only remains for backwards compatibility, please use the corresponding class to target individual speakers -->\n\t\t\t<div id=\"wcorg-speaker-stefan-fried\" class=\"wcorg-speaker wcorg-speaker-stefan-fried wcorg-track-track3\">\n\t\t\t\t<h2>\n\t\t\t\t\t\n\t\t\t\t\t\tStefan Fried\n\t\t\t\t\t\t\t\t\t<\/h2>\n\n\t\t\t\t<div class=\"wcorg-speaker-description\">\n\t\t\t\t\t<img alt='' src='https:\/\/secure.gravatar.com\/avatar\/edc62ca3edcf8753a2b07cea478277e5f14de1f0b5b97f3eca54dbb85e1192bb?s=100&#038;d=mm&#038;r=g' srcset='https:\/\/secure.gravatar.com\/avatar\/edc62ca3edcf8753a2b07cea478277e5f14de1f0b5b97f3eca54dbb85e1192bb?s=200&#038;d=mm&#038;r=g 2x' class='avatar avatar-100 photo' height='100' width='100' \/>\t\t\t\t\t\n<p class=\"wp-block-paragraph\">Web dev seit dem 11. Lebensjahr, mittlerweile 26 Jahre jung und seit knapp 9 Jahren selbstst\u00e4ndig t\u00e4tig &#8211; aus Wien.<\/p>\n\t\t\t\t<\/div>\n\t\t\t<\/div>\n\n\t\t\n\t\t\t<!-- Organizers note: The id attribute is deprecated and only remains for backwards compatibility, please use the corresponding class to target individual speakers -->\n\t\t\t<div id=\"wcorg-speaker-markus-schwingenschlogl\" class=\"wcorg-speaker wcorg-speaker-markus-schwingenschlogl wcorg-track-track2\">\n\t\t\t\t<h2>\n\t\t\t\t\t\n\t\t\t\t\t\tMarkus Schwingenschl\u00f6gl\n\t\t\t\t\t\t\t\t\t<\/h2>\n\n\t\t\t\t<div class=\"wcorg-speaker-description\">\n\t\t\t\t\t<img alt='' src='https:\/\/secure.gravatar.com\/avatar\/0aebf30705347f8eed3b00c2e8de268c346e09dbc4ea72b1e0ccefc3b80d0cd2?s=100&#038;d=mm&#038;r=g' srcset='https:\/\/secure.gravatar.com\/avatar\/0aebf30705347f8eed3b00c2e8de268c346e09dbc4ea72b1e0ccefc3b80d0cd2?s=200&#038;d=mm&#038;r=g 2x' class='avatar avatar-100 photo' height='100' width='100' \/>\t\t\t\t\t\n<p class=\"wp-block-paragraph\">Studied technical mathematics in Graz. Working in the web industry for over 20 years, since 2010 focused on WordPress. <\/p>\n\n\n\n<p class=\"wp-block-paragraph\">Working at ThemeFusion, the creators of Avada for 6.5 years. Currently working there as CTO.<br>Loves a good chat, good food, and drinks, and traveling.<br><\/p>\n\t\t\t\t<\/div>\n\t\t\t<\/div>\n\n\t\t\n\t\t\t<!-- Organizers note: The id attribute is deprecated and only remains for backwards compatibility, please use the corresponding class to target individual speakers -->\n\t\t\t<div id=\"wcorg-speaker-georg-knabl\" class=\"wcorg-speaker wcorg-speaker-georg-knabl wcorg-track-track1\">\n\t\t\t\t<h2>\n\t\t\t\t\t\n\t\t\t\t\t\tGeorg Knabl\n\t\t\t\t\t\t\t\t\t<\/h2>\n\n\t\t\t\t<div class=\"wcorg-speaker-description\">\n\t\t\t\t\t<img alt='' src='https:\/\/secure.gravatar.com\/avatar\/fae2c4d132106abd95e26e5e2c7de506a177ad6758e95117d0c38e6d590e4a5c?s=100&#038;d=mm&#038;r=g' srcset='https:\/\/secure.gravatar.com\/avatar\/fae2c4d132106abd95e26e5e2c7de506a177ad6758e95117d0c38e6d590e4a5c?s=200&#038;d=mm&#038;r=g 2x' class='avatar avatar-100 photo' height='100' width='100' \/>\t\t\t\t\t\n<p class=\"wp-block-paragraph\">Ich bin\u00a0selbstst\u00e4ndiger Softwareentwickler und IT-Consultant\u00a0aus dem Gro\u00dfraum\u00a0Graz\u00a0in\u00a0\u00d6sterreich. Meine Fokusgebiete sind\u00a0Web, IT-Security und Machine Learning\u00a0mit\u00a0\u00fcber 18 Jahren professioneller, einschl\u00e4giger Erfahrung. Ich spreche auf Konferenzen und unterrichte an Universit\u00e4ten. Und ich bin WordPress-Experte.<\/p>\n\n\n\n<p class=\"wp-block-paragraph\">Beruflich war ich bei nationalen und internationalen Unternehmen beheimatet. So habe ich beispielsweise bei&nbsp;<a rel=\"noreferrer noopener\" href=\"https:\/\/www.lufthansa.com\/\" target=\"_blank\">Lufthansa<\/a>&nbsp;in New York Datenbankapplikationen entwickelt, um Arbeitsprozesse zu vereinfachen, war als technischer SEO-Consultant t\u00e4tig, habe als diplomierter Erwachsenentrainer&nbsp;<em>Social Media f\u00fcr Unternehmen<\/em>&nbsp;am&nbsp;<a rel=\"noreferrer noopener\" href=\"https:\/\/www.wifi.at\/\" target=\"_blank\">WIFI<\/a>&nbsp;unterrichtet und bei&nbsp;<a rel=\"noreferrer noopener\" href=\"https:\/\/www.engarde.net\/\" target=\"_blank\">En Garde<\/a>&nbsp;in Graz die technische Software\u00adentwicklungs\u00adabteilung von Grund auf aufgebaut und \u00fcber 6 Jahre als&nbsp;<em>Technical Director<\/em>&nbsp;geleitet. <\/p>\n\n\n\n<p class=\"wp-block-paragraph\">Mittlerweile bin ich seit 8 Jahren selbstst\u00e4ndig. Im Zuge dieser langj\u00e4hrigen Erfahrung habe ich mittlerweile eine dreistellige Zahl an Webprojekten aller Gr\u00f6\u00dfenordnungen, bei denen ich in der Konzeption oder Entwicklung t\u00e4tig war, federf\u00fchrend umgesetzt.<\/p>\n\n\n\n<p class=\"wp-block-paragraph\">Nebenbei bilde ich angehende Softwareentwickler am Studiengang&nbsp;<em>Software-Design<\/em>&nbsp;an der&nbsp;<a rel=\"noreferrer noopener\" href=\"https:\/\/www.fh-joanneum.at\/\" target=\"_blank\">FH JOANNEUM<\/a>&nbsp;in Kapfenberg als externer Lehrender aus.<\/p>\n\t\t\t\t<\/div>\n\t\t\t<\/div>\n\n\t\t\n\t\t\t<!-- Organizers note: The id attribute is deprecated and only remains for backwards compatibility, please use the corresponding class to target individual speakers -->\n\t\t\t<div id=\"wcorg-speaker-craig-west\" class=\"wcorg-speaker wcorg-speaker-craig-west wcorg-track-track3 wcorg-track-workshops\">\n\t\t\t\t<h2>\n\t\t\t\t\t\n\t\t\t\t\t\tCraig West\n\t\t\t\t\t\t\t\t\t<\/h2>\n\n\t\t\t\t<div class=\"wcorg-speaker-description\">\n\t\t\t\t\t<img alt='' src='https:\/\/secure.gravatar.com\/avatar\/5f7eaad0416b1ebec1398f9a5de6994742c4ccac51492a7b52e99a8b37edb433?s=100&#038;d=mm&#038;r=g' srcset='https:\/\/secure.gravatar.com\/avatar\/5f7eaad0416b1ebec1398f9a5de6994742c4ccac51492a7b52e99a8b37edb433?s=200&#038;d=mm&#038;r=g 2x' class='avatar avatar-100 photo' height='100' width='100' \/>\t\t\t\t\t\n<p class=\"wp-block-paragraph\">Craig is an a freelance trainer and architect that focuses on bringing together the WP and non-WP worlds by advocating WP-HTML, \u2018where there is HTML, there is WP\u2019. <\/p>\n\n\n\n<p class=\"wp-block-paragraph\">He is based in Brighton and attends the local WordUp meetings. With a previous career in business and accounting, as well as having run his own non-IT business, Craig can speak both technical and business. He believes that technology serves the user, not the other way around, so the user experience is paramount. <\/p>\n\n\n\n<p class=\"wp-block-paragraph\">He has started to speak at WP events and is interested in Web Components, Progressive Web Apps, Google AMP and of course WP-HTML.<\/p>\n\t\t\t\t<\/div>\n\t\t\t<\/div>\n\n\t\t\n\t\t\t<!-- Organizers note: The id attribute is deprecated and only remains for backwards compatibility, please use the corresponding class to target individual speakers -->\n\t\t\t<div id=\"wcorg-speaker-enrico-battocchi\" class=\"wcorg-speaker wcorg-speaker-enrico-battocchi wcorg-track-track2\">\n\t\t\t\t<h2>\n\t\t\t\t\t\n\t\t\t\t\t\tEnrico Battocchi\n\t\t\t\t\t\t\t\t\t<\/h2>\n\n\t\t\t\t<div class=\"wcorg-speaker-description\">\n\t\t\t\t\t<img alt='' src='https:\/\/secure.gravatar.com\/avatar\/e8ce0d0cff35d41bed6d9de43a548acc34bb6b08342c80f24adad5eed4e95fb7?s=100&#038;d=mm&#038;r=g' srcset='https:\/\/secure.gravatar.com\/avatar\/e8ce0d0cff35d41bed6d9de43a548acc34bb6b08342c80f24adad5eed4e95fb7?s=200&#038;d=mm&#038;r=g 2x' class='avatar avatar-100 photo' height='100' width='100' \/>\t\t\t\t\t\n<p class=\"wp-block-paragraph\">I&#8217;m a freelance developer from Tuscany, Italy.<br>I began using WordPress for a personal blog, and soon I found myself using it for almost every project I put my hands on.<\/p>\n\n\n\n<p class=\"wp-block-paragraph\">My main contribution to the community since 2007 is my work on <a href=\"https:\/\/wordpress.org\/plugins\/duplicate-post\/\" target=\"_blank\" rel=\"noreferrer noopener\" aria-label=\"Duplicate Post (opens in a new tab)\">Duplicate Post<\/a>, a plugin to copy posts and pages with a click.<\/p>\n\t\t\t\t<\/div>\n\t\t\t<\/div>\n\n\t\t\n\t\t\t<!-- Organizers note: The id attribute is deprecated and only remains for backwards compatibility, please use the corresponding class to target individual speakers -->\n\t\t\t<div id=\"wcorg-speaker-peter-harlander\" class=\"wcorg-speaker wcorg-speaker-peter-harlander wcorg-track-track1\">\n\t\t\t\t<h2>\n\t\t\t\t\t\n\t\t\t\t\t\tPeter Harlander\n\t\t\t\t\t\t\t\t\t<\/h2>\n\n\t\t\t\t<div class=\"wcorg-speaker-description\">\n\t\t\t\t\t<img alt='' src='https:\/\/secure.gravatar.com\/avatar\/e4174824b36dadfdb57cfedfae0ea14724dbe28fe8ffcb26d3525d9c8372abe4?s=100&#038;d=mm&#038;r=g' srcset='https:\/\/secure.gravatar.com\/avatar\/e4174824b36dadfdb57cfedfae0ea14724dbe28fe8ffcb26d3525d9c8372abe4?s=200&#038;d=mm&#038;r=g 2x' class='avatar avatar-100 photo' height='100' width='100' \/>\t\t\t\t\t\n<p class=\"wp-block-paragraph\">Rechtsanwalt Peter Harlander hat seine berufliche Laufbahn seit 20 Jahren vollst\u00e4ndig auf die rechtlichen Aspekte von IT, Internet, Marketing und Vertrieb ausgerichtet.<\/p>\n\n\n\n<p class=\"wp-block-paragraph\">F\u00fcr seine Spezialisierung auf IT- und Marketingrecht bringt <a href=\"https:\/\/www.lawoffice.at\/\" target=\"_blank\" rel=\"noreferrer noopener\" aria-label=\"Rechtsanwalt Peter Harlander (opens in a new tab)\">Rechtsanwalt Peter Harlander<\/a> nicht nur ein tiefgehendes und stets aktuelles rechtliches Wissen, sondern auch ein fundiertes technisches Know-how mit. Nur wer eine Sache versteht, kann diese rechtlich korrekt beurteilen.<\/p>\n\n\n\n<p class=\"wp-block-paragraph\">Rechtsanwalt Peter Harlander ist in der IT- und Marketingbranche fest verankert. Er war acht Jahre Gesch\u00e4ftsf\u00fchrer eines auf Rechtsinformatik spezialisierten IT-Systemhauses und kann noch heute ein IT-System eines KMU konfigurieren.<\/p>\n\n\n\n<p class=\"wp-block-paragraph\">Zus\u00e4tzlich war Rechtsanwalt Peter Harlander ein Jahrzehnt als allgemein beeideter und gerichtlich zertifizierter IT-Sachverst\u00e4ndiger f\u00fcr die Justiz t\u00e4tig und fungierte \u00fcber zwei Funktionsperioden als Standesvertreter der IT-Branche in der Wirtschaftskammer Salzburg.<\/p>\n\n\n\n<p class=\"wp-block-paragraph\">Selbst Experten aus hochspezialisierten Agenturen und IT-Unternehmen finden in Peter Harlander daher einen Gespr\u00e4chspartner, der ihre Rechtsfragen ohne umst\u00e4ndliche Erkl\u00e4rungen der technischen Grundlagen versteht.<\/p>\n\t\t\t\t<\/div>\n\t\t\t<\/div>\n\n\t\t\n\t\t\t<!-- Organizers note: The id attribute is deprecated and only remains for backwards compatibility, please use the corresponding class to target individual speakers -->\n\t\t\t<div id=\"wcorg-speaker-heather-burns\" class=\"wcorg-speaker wcorg-speaker-heather-burns wcorg-track-track3 wcorg-track-track1 wcorg-track-track2\">\n\t\t\t\t<h2>\n\t\t\t\t\t\n\t\t\t\t\t\tHeather Burns\n\t\t\t\t\t\t\t\t\t<\/h2>\n\n\t\t\t\t<div class=\"wcorg-speaker-description\">\n\t\t\t\t\t<img alt='' src='https:\/\/secure.gravatar.com\/avatar\/5705d3a9442fe9e1107717d47e625f102995e74bfb75cbb26271422164e19102?s=100&#038;d=mm&#038;r=g' srcset='https:\/\/secure.gravatar.com\/avatar\/5705d3a9442fe9e1107717d47e625f102995e74bfb75cbb26271422164e19102?s=200&#038;d=mm&#038;r=g 2x' class='avatar avatar-100 photo' height='100' width='100' \/>\t\t\t\t\t\n<p class=\"wp-block-paragraph\">As a tech policy and regulation specialist, I educate the profession on the policy issues which impact our work, inspire communities to participate constructively in the regulatory sphere, and represent digital professionals in the governance processes which shape the web. I currently work with clients across tech policy, digital rights, privacy, and the games sector.<\/p>\n\n\n\n<p class=\"wp-block-paragraph\">A 20-time WordCamp and local meetup speaker across the UK and Europe, I am a component maintainer for the core-privacy team and a co-founder of the cross-CMS privacy coalition with WordPress, Joomla, Drupal, and Umbraco. In 2019 I was named a Mozilla Open Leader in support of the latter initiative. I&#8217;m the author of a forthcoming book on privacy for developers being published by Smashing Magazine.<\/p>\n\n\n\n<p class=\"wp-block-paragraph\">I\u2019ve been a member of the WordPress community since 2009, designing web sites since 1996, and smacking keyboards since cassette drives.<\/p>\n\t\t\t\t<\/div>\n\t\t\t<\/div>\n\n\t\t\n\t\t\t<!-- Organizers note: The id attribute is deprecated and only remains for backwards compatibility, please use the corresponding class to target individual speakers -->\n\t\t\t<div id=\"wcorg-speaker-christian-kaiser\" class=\"wcorg-speaker wcorg-speaker-christian-kaiser wcorg-track-track1\">\n\t\t\t\t<h2>\n\t\t\t\t\t\n\t\t\t\t\t\tChristian Kaiser\n\t\t\t\t\t\t\t\t\t<\/h2>\n\n\t\t\t\t<div class=\"wcorg-speaker-description\">\n\t\t\t\t\t<img alt='' src='https:\/\/secure.gravatar.com\/avatar\/3bf601d7be24ff39e844ef3943aa534e806d10979d04d4ac3c3468d1dc743559?s=100&#038;d=mm&#038;r=g' srcset='https:\/\/secure.gravatar.com\/avatar\/3bf601d7be24ff39e844ef3943aa534e806d10979d04d4ac3c3468d1dc743559?s=200&#038;d=mm&#038;r=g 2x' class='avatar avatar-100 photo' height='100' width='100' \/>\t\t\t\t\t\n<p class=\"wp-block-paragraph\">Mastermind von <a href=\"https:\/\/gotonet.at\/\" target=\"_blank\" rel=\"noreferrer noopener\" aria-label=\"gotoNET netservices (opens in a new tab)\">gotoNET netservices<\/a> und gleichzeitig Gesch\u00e4ftsf\u00fchrer von KONTEXT kommunikation ist Christian Kaiser, der sich bereits seit Anfang der 1990er mit dem Thema Online-Kommunikation besch\u00e4ftigt. Christian ist im Rahmen seiner T\u00e4tigkeit bei gotoNET u.a. auch f\u00fcr verschiedene Dienstleistungs-Unternehmen der Werbe- und Softwarebranche t\u00e4tig sowie als Trainer im Bereich Grafikdesign und Typografie. Sein Studium an der Donau-Universit\u00e4t-Krems schloss er mit der Masterthesis \u201eMultichannel Marketing und seine Kosten \u2013 Multichannel Marketing mit Schwerpunkt Online im Einsatz bei einem \u00f6sterreichischen Fachverlag\u201c ab.<\/p>\n\n\n\n<p class=\"wp-block-paragraph\">Abseits von Werbung &amp; Online hat er mit Churchills \u201eNo Sports\u201c vor noch nicht allzu langer Zeit gebrochen: Laufen und seit kurzem auch das Rennradfahren lassen ihn das Tracking \u2013 statt Analytics aber mit Garmin &amp; Strava \u2013 auch in seiner Freizeit fortsetzen \ud83d\ude09<\/p>\n\t\t\t\t<\/div>\n\t\t\t<\/div>\n\n\t\t\n\t\t\t<!-- Organizers note: The id attribute is deprecated and only remains for backwards compatibility, please use the corresponding class to target individual speakers -->\n\t\t\t<div id=\"wcorg-speaker-dorcas-reamonn\" class=\"wcorg-speaker wcorg-speaker-dorcas-reamonn wcorg-track-track2\">\n\t\t\t\t<h2>\n\t\t\t\t\t\n\t\t\t\t\t\tDorcas R\u00e9amonn\n\t\t\t\t\t\t\t\t\t<\/h2>\n\n\t\t\t\t<div class=\"wcorg-speaker-description\">\n\t\t\t\t\t<img alt='' src='https:\/\/secure.gravatar.com\/avatar\/6128eacf742a69a4a8c70e279ff5f83a2c596be58736023a317587d130e559ea?s=100&#038;d=mm&#038;r=g' srcset='https:\/\/secure.gravatar.com\/avatar\/6128eacf742a69a4a8c70e279ff5f83a2c596be58736023a317587d130e559ea?s=200&#038;d=mm&#038;r=g 2x' class='avatar avatar-100 photo' height='100' width='100' \/>\t\t\t\t\t\n<p class=\"wp-block-paragraph\">Dorcas is a lecturer of \u2018Digital Marketing\u2019, \u2018Digital Technology and Design\u2019 and \u2018Technology and Design for Digital Marketing\u2019 in <a href=\"https:\/\/www.smurfitschool.ie\/\" target=\"_blank\" rel=\"noreferrer noopener\" aria-label=\"The Smurfit School, (opens in a new tab)\">The Smurfit School,<\/a> University College Dublin. She is an author of \u2018<a href=\"https:\/\/amzn.to\/2Bfwu2A\" target=\"_blank\" rel=\"noreferrer noopener\" aria-label=\"WordPress Masterbook 2019: Make a Website From Scratch - For Total Beginners (opens in a new tab)\">WordPress Masterbook 2019: Make a Website From Scratch &#8211; For Total Beginners<\/a>\u2019. She has been training, mentoring and consulting with Talentpool since 2011, and founded <a href=\"https:\/\/www.zonua.ie\/\" target=\"_blank\" rel=\"noreferrer noopener\" aria-label=\"Zonua (opens in a new tab)\">Zonua<\/a> in 2010. She regularly works with the UCD Innovation Academy and specialises in teaching Innovation and Creativity for entrepreneurial mindsets. She has been teaching WordPress courses for the last 5 years to hundreds of students. She recently began to upload some simple videos for her past students on to YouTube \u2013 look for&nbsp;<a href=\"http:\/\/youtube.com\/zonua\">youtube.com\/zonua<\/a>.<\/p>\n\t\t\t\t<\/div>\n\t\t\t<\/div>\n\n\t\t\n\t\t\t<!-- Organizers note: The id attribute is deprecated and only remains for backwards compatibility, please use the corresponding class to target individual speakers -->\n\t\t\t<div id=\"wcorg-speaker-sabine-melnicki\" class=\"wcorg-speaker wcorg-speaker-sabine-melnicki wcorg-track-track1\">\n\t\t\t\t<h2>\n\t\t\t\t\t\n\t\t\t\t\t\tSabine Melnicki\n\t\t\t\t\t\t\t\t\t<\/h2>\n\n\t\t\t\t<div class=\"wcorg-speaker-description\">\n\t\t\t\t\t<img alt='' src='https:\/\/secure.gravatar.com\/avatar\/40125f3b735712e954d4177f80208e835c80d2a95507bbca7c3ea29adc8a35f3?s=100&#038;d=mm&#038;r=g' srcset='https:\/\/secure.gravatar.com\/avatar\/40125f3b735712e954d4177f80208e835c80d2a95507bbca7c3ea29adc8a35f3?s=200&#038;d=mm&#038;r=g 2x' class='avatar avatar-100 photo' height='100' width='100' \/>\t\t\t\t\t\n<p class=\"wp-block-paragraph\">Sabine Melnicki ist <a href=\"https:\/\/webahoi.at\/\" target=\"_blank\" rel=\"noreferrer noopener\" aria-label=\"Digitalisierungsberaterin und Website-Coach (opens in a new tab)\">Digitalisierungsberaterin und Website-Coach<\/a>. Ihr Fokus liegt auf Wissenstransfer, Lernen in der Organisation und digitaler Autonomie \u2013 immer an der Schwelle zwischen Kommunikation und IT.\u00a0<\/p>\n\n\n\n<p class=\"wp-block-paragraph\">Sabine ist Leiterin des \u201eWeb Content Management\u201c-Lehrgangs der <a href=\"https:\/\/digitalworld-academy.at\/\" target=\"_blank\" aria-label=\"digitalworld Academy (opens in a new tab)\" rel=\"noreferrer noopener nofollow\">digitalworld Academy<\/a>, engagiert sich als Gr\u00fcnder*innen-Mentorin bei imGr\u00e4tzl und hat einen Sachbuchclub zum Thema Digitale Zukunft. Sie ist Certified Digital Consultant (CDC) und Unterst\u00fctzerin der MediaWiki Stakeholders&#8217; Group.<\/p>\n\t\t\t\t<\/div>\n\t\t\t<\/div>\n\n\t\t\n\t\t\t<!-- Organizers note: The id attribute is deprecated and only remains for backwards compatibility, please use the corresponding class to target individual speakers -->\n\t\t\t<div id=\"wcorg-speaker-hannah-zach\" class=\"wcorg-speaker wcorg-speaker-hannah-zach wcorg-track-workshops\">\n\t\t\t\t<h2>\n\t\t\t\t\t\n\t\t\t\t\t\tHannah Zach\n\t\t\t\t\t\t\t\t\t<\/h2>\n\n\t\t\t\t<div class=\"wcorg-speaker-description\">\n\t\t\t\t\t<img alt='' src='https:\/\/secure.gravatar.com\/avatar\/daf3064c7bc00a6d7e9900ff94d249f91b06ae688e485330b0e432d27caa6cd1?s=100&#038;d=mm&#038;r=g' srcset='https:\/\/secure.gravatar.com\/avatar\/daf3064c7bc00a6d7e9900ff94d249f91b06ae688e485330b0e432d27caa6cd1?s=200&#038;d=mm&#038;r=g 2x' class='avatar avatar-100 photo' height='100' width='100' \/>\t\t\t\t\t\r\n<p class=\"wp-block-paragraph\">Hannah Zach ist Kommunikationsberaterin mit Fokus auf Communities und Stakeholderstrategien. Nach ihrem Studium Kommunikationsmanagement in Wien und Spanien verantwortete sie unter anderem die Communities der Rechercheplattform Dossier und der Initiativgruppe Alpbach Wien.<\/p>\r\n\r\n\r\n\r\n<p class=\"wp-block-paragraph\">Gemeinsam mit Sophie Rendl gr\u00fcndete sie die <a href=\"https:\/\/www.frauendomaene.at\" target=\"_blank\" rel=\"noreferrer noopener\" aria-label=\"Frauendom\u00e4ne (opens in a new tab)\">Frauendom\u00e4ne<\/a>, die erste alle Fachbereiche \u00fcbergreifende und frei zug\u00e4ngliche Datenbank f\u00fcr Expert*innen \u00d6sterreichs.<\/p>\r\n\t\t\t\t<\/div>\n\t\t\t<\/div>\n\n\t\t\n\t\t\t<!-- Organizers note: The id attribute is deprecated and only remains for backwards compatibility, please use the corresponding class to target individual speakers -->\n\t\t\t<div id=\"wcorg-speaker-tamara-zimmermann\" class=\"wcorg-speaker wcorg-speaker-tamara-zimmermann wcorg-track-track1\">\n\t\t\t\t<h2>\n\t\t\t\t\t\n\t\t\t\t\t\tTamara Zimmermann\n\t\t\t\t\t\t\t\t\t<\/h2>\n\n\t\t\t\t<div class=\"wcorg-speaker-description\">\n\t\t\t\t\t<img alt='' src='https:\/\/secure.gravatar.com\/avatar\/df0f666be247d0697a3626820fc6092ddda23a255178f63a85a8a8b4458ea7fc?s=100&#038;d=mm&#038;r=g' srcset='https:\/\/secure.gravatar.com\/avatar\/df0f666be247d0697a3626820fc6092ddda23a255178f63a85a8a8b4458ea7fc?s=200&#038;d=mm&#038;r=g 2x' class='avatar avatar-100 photo' height='100' width='100' \/>\t\t\t\t\t\n<p class=\"wp-block-paragraph\">Tamara Zimmermann ist SEO Consultant bei <a rel=\"noreferrer noopener\" aria-label=\"Otago Online Consulting (opens in a new tab)\" href=\"https:\/\/www.otago.at\/\" target=\"_blank\">Otago Online Consulting<\/a>. Sie bringt 10 Jahre Erfahrung im On- und Offline Marketing in diversen Branchen mit. <\/p>\n\n\n\n<p class=\"wp-block-paragraph\">Die Spezialisierung auf Online Marketing brachte sie einerseits zum Masterstudium im Bereich der Online Kommunikation und andererseits zu Otago.<\/p>\n\t\t\t\t<\/div>\n\t\t\t<\/div>\n\n\t\t\n\t<\/div>\n\n\t\n","protected":false},"excerpt":{"rendered":"<p>Our lineup of great Speakers for WordCamp Vienna 2020<\/p>\n","protected":false},"author":11381374,"featured_media":0,"parent":0,"menu_order":0,"comment_status":"closed","ping_status":"closed","template":"","meta":{"_crdt_document":"","jetpack_post_was_ever_published":false,"footnotes":""},"class_list":["post-4474","page","type-page","status-publish","hentry"],"jetpack_sharing_enabled":true,"_links":{"self":[{"href":"https:\/\/vienna.wordcamp.org\/2020\/wp-json\/wp\/v2\/pages\/4474","targetHints":{"allow":["GET"]}}],"collection":[{"href":"https:\/\/vienna.wordcamp.org\/2020\/wp-json\/wp\/v2\/pages"}],"about":[{"href":"https:\/\/vienna.wordcamp.org\/2020\/wp-json\/wp\/v2\/types\/page"}],"author":[{"embeddable":true,"href":"https:\/\/vienna.wordcamp.org\/2020\/wp-json\/wp\/v2\/users\/11381374"}],"replies":[{"embeddable":true,"href":"https:\/\/vienna.wordcamp.org\/2020\/wp-json\/wp\/v2\/comments?post=4474"}],"version-history":[{"count":2,"href":"https:\/\/vienna.wordcamp.org\/2020\/wp-json\/wp\/v2\/pages\/4474\/revisions"}],"predecessor-version":[{"id":4477,"href":"https:\/\/vienna.wordcamp.org\/2020\/wp-json\/wp\/v2\/pages\/4474\/revisions\/4477"}],"wp:attachment":[{"href":"https:\/\/vienna.wordcamp.org\/2020\/wp-json\/wp\/v2\/media?parent=4474"}],"curies":[{"name":"wp","href":"https:\/\/api.w.org\/{rel}","templated":true}]}}