{"id":8,"date":"2016-10-27T12:50:23","date_gmt":"2016-10-27T12:50:23","guid":{"rendered":"https:\/\/2017.vienna.wordcamp.org\/speakers\/"},"modified":"2017-03-07T13:53:52","modified_gmt":"2017-03-07T11:53:52","slug":"speakers","status":"publish","type":"page","link":"https:\/\/vienna.wordcamp.org\/2017\/speakers\/","title":{"rendered":"Speakers"},"content":{"rendered":"<p>A selection of our great speakers, who will be sharing their knowledge on Saturday<\/p>\n\n\t<div class=\"wcorg-speakers\">\n\n\t\t\n\t\t\t<!-- Organizers note: The id attribute is deprecated and only remains for backwards compatibility, please use the corresponding class to target individual speakers -->\n\t\t\t<div id=\"wcorg-speaker-luca-sartoni\" class=\"wcorg-speaker wcorg-speaker-luca-sartoni wcorg-track-track1\">\n\t\t\t\t<h2>\n\t\t\t\t\t\n\t\t\t\t\t\tLuca Sartoni\n\t\t\t\t\t\t\t\t\t<\/h2>\n\n\t\t\t\t<div class=\"wcorg-speaker-description\">\n\t\t\t\t\t<img alt='' src='https:\/\/secure.gravatar.com\/avatar\/977d1ed12f4aa5875261bde52d70676ca9985d3cd1ac164441add8cc11e96b32?s=140&#038;d=mm&#038;r=g' srcset='https:\/\/secure.gravatar.com\/avatar\/977d1ed12f4aa5875261bde52d70676ca9985d3cd1ac164441add8cc11e96b32?s=280&#038;d=mm&#038;r=g 2x' class='avatar avatar-140 photo' height='140' width='140' \/>\t\t\t\t\t<p>Luca Sartoni is a media professional with more than a decade of technical and marketing expertise. Thanks to his extensive experience in business environments ranging from SMEs to large corporate projects, Luca helps companies scale up by implementing data-driven strategies. He does not believe in Santa Claus, magic spells and everything not backed by facts. Luca is Protector of Asynchronicity at Automattic. In addition to his consulting background, Luca is a well-renowned blogger and a speaker in the online communications industry.<\/p>\n<p>WordCamp Europe 2017 co-organiser, blogger at <a href=\"https:\/\/luca.blog\/\" target=\"_blank\">luca.blog<\/a>, photographer at <a href=\"https:\/\/luca.pics\/\" target=\"_blank\">luca.pics<\/a>, Growth Engineer at WordPress.com.<\/p>\n\t\t\t\t<\/div>\n\t\t\t<\/div>\n\n\t\t\n\t\t\t<!-- Organizers note: The id attribute is deprecated and only remains for backwards compatibility, please use the corresponding class to target individual speakers -->\n\t\t\t<div id=\"wcorg-speaker-marieke-van-de-rakt\" class=\"wcorg-speaker wcorg-speaker-marieke-van-de-rakt wcorg-track-track1\">\n\t\t\t\t<h2>\n\t\t\t\t\t\n\t\t\t\t\t\tMarieke van de Rakt\n\t\t\t\t\t\t\t\t\t<\/h2>\n\n\t\t\t\t<div class=\"wcorg-speaker-description\">\n\t\t\t\t\t<img alt='' src='https:\/\/secure.gravatar.com\/avatar\/680332e6a2c01fb87007fc18990326c1dcb1d55f195a57c3f41bf41107c0db21?s=140&#038;d=mm&#038;r=g' srcset='https:\/\/secure.gravatar.com\/avatar\/680332e6a2c01fb87007fc18990326c1dcb1d55f195a57c3f41bf41107c0db21?s=280&#038;d=mm&#038;r=g 2x' class='avatar avatar-140 photo' height='140' width='140' \/>\t\t\t\t\t<p><a href=\"https:\/\/yoast.com\/about-us\/marieke-van-de-rakt\/\" target=\"_blank\" rel=\"nofollow\">Marieke van de Rakt<\/a> is co-owner, blogger, researcher and manager at <a href=\"http:\/\/yoast.com\/\" target=\"_blank\" rel=\"nofollow\">Yoast.com<\/a>. Her expertises are content SEO and SEO copywriting. Marieke also runs Yoast Academy (with eBooks and online courses).<\/p>\n\t\t\t\t<\/div>\n\t\t\t<\/div>\n\n\t\t\n\t\t\t<!-- Organizers note: The id attribute is deprecated and only remains for backwards compatibility, please use the corresponding class to target individual speakers -->\n\t\t\t<div id=\"wcorg-speaker-denise-vandecruze\" class=\"wcorg-speaker wcorg-speaker-denise-vandecruze wcorg-track-track1\">\n\t\t\t\t<h2>\n\t\t\t\t\t\n\t\t\t\t\t\tDenise VanDeCruze\n\t\t\t\t\t\t\t\t\t<\/h2>\n\n\t\t\t\t<div class=\"wcorg-speaker-description\">\n\t\t\t\t\t<img alt='' src='https:\/\/secure.gravatar.com\/avatar\/eb2e15e1e3aaf22942c36e13fb1910b09818b2d3c2650d616f72e0a7b283232a?s=140&#038;d=mm&#038;r=g' srcset='https:\/\/secure.gravatar.com\/avatar\/eb2e15e1e3aaf22942c36e13fb1910b09818b2d3c2650d616f72e0a7b283232a?s=280&#038;d=mm&#038;r=g 2x' class='avatar avatar-140 photo' height='140' width='140' \/>\t\t\t\t\t<p>Denise Van De Cruze has been building Web Sites for over 20 years and is passionate about empowering people through technology. She loves coffee and travel and lives in Vienna. Through her travels, she has visited and learned from many thriving WordPress communities around the world.<\/p>\n<p>Denise is an organizer of WordCamp Vienna and builds WordPress sites through her company, <a href=\"http:\/\/girlbotdesign.com\/\" target=\"_blank\">Girlbot<\/a>.<\/p>\n\t\t\t\t<\/div>\n\t\t\t<\/div>\n\n\t\t\n\t\t\t<!-- Organizers note: The id attribute is deprecated and only remains for backwards compatibility, please use the corresponding class to target individual speakers -->\n\t\t\t<div id=\"wcorg-speaker-thorsten-frommen\" class=\"wcorg-speaker wcorg-speaker-thorsten-frommen wcorg-track-contributor-2 wcorg-track-track-dev\">\n\t\t\t\t<h2>\n\t\t\t\t\t\n\t\t\t\t\t\tThorsten Frommen\n\t\t\t\t\t\t\t\t\t<\/h2>\n\n\t\t\t\t<div class=\"wcorg-speaker-description\">\n\t\t\t\t\t<img alt='' src='https:\/\/secure.gravatar.com\/avatar\/70760a65c49683cfa79f9b9e6d59aab61aad23742a02bd0e25916dfc23fe347d?s=140&#038;d=mm&#038;r=g' srcset='https:\/\/secure.gravatar.com\/avatar\/70760a65c49683cfa79f9b9e6d59aab61aad23742a02bd0e25916dfc23fe347d?s=280&#038;d=mm&#038;r=g 2x' class='avatar avatar-140 photo' height='140' width='140' \/>\t\t\t\t\t<p>Thorsten is a certified PHP engineer, <a href=\"https:\/\/tfrommen.de\/\" target=\"_blank\">web development professional<\/a> and tester. He is working in the web since 2000, and with (and on) WordPress since 2005. Currently, Thorsten is a WordPress engineer and technical project lead at <a href=\"https:\/\/inpsyde.com\/\">Inpsyde<\/a>, Germany\u2019s biggest WordPress agency. He is part of Inpsyde\u2019s QA team, and leads the development of MultilingualPress, the multisite-based free open source plugin for your multilingual websites.<\/p>\n<p>Thorsten also maintains <a href=\"https:\/\/github.com\/inpsyde\/WP-REST-Starter\" target=\"_blank\">WP REST Starter<\/a>, a Composer package for working with the WordPress REST API in an object-oriented fashion.<\/p>\n\t\t\t\t<\/div>\n\t\t\t<\/div>\n\n\t\t\n\t\t\t<!-- Organizers note: The id attribute is deprecated and only remains for backwards compatibility, please use the corresponding class to target individual speakers -->\n\t\t\t<div id=\"wcorg-speaker-martin-mucha\" class=\"wcorg-speaker wcorg-speaker-martin-mucha wcorg-track-track1\">\n\t\t\t\t<h2>\n\t\t\t\t\t\n\t\t\t\t\t\tMartin Mucha\n\t\t\t\t\t\t\t\t\t<\/h2>\n\n\t\t\t\t<div class=\"wcorg-speaker-description\">\n\t\t\t\t\t<img alt='' src='https:\/\/secure.gravatar.com\/avatar\/99ee0f54404d6029ed2b96c8e9fa8cb590974dc9fda6f8724bb58e8a93558652?s=140&#038;d=mm&#038;r=g' srcset='https:\/\/secure.gravatar.com\/avatar\/99ee0f54404d6029ed2b96c8e9fa8cb590974dc9fda6f8724bb58e8a93558652?s=280&#038;d=mm&#038;r=g 2x' class='avatar avatar-140 photo' height='140' width='140' \/>\t\t\t\t\t<p><a href=\"http:\/\/martinmucha.at\" target=\"_blank\">Martin Mucha<\/a> was born in Vienna, has an email address since 1985, has done his first web-project in 1995 for an international organization, and works with PHP-based Open-Source Contentmanagement Systems since 1999. He experimented with Midgard, b2\/cafelog \u2013 an ancestor of WordPress \u2013, Typo3, and WordPress. Martin was one of the founders of the &#8220;Electronic-Business Experts&#8221; and the &#8220;Open-Source Experts&#8221; in the Austrian Chamber of Commerce. Martin is a Certified Projectmanager (IMPA\/Level C, Scrum) and Trainer. He is specialized in Intranets (Collaboration Systems) and Internet projects \u2013 and he loves WordPress!<\/p>\n\t\t\t\t<\/div>\n\t\t\t<\/div>\n\n\t\t\n\t\t\t<!-- Organizers note: The id attribute is deprecated and only remains for backwards compatibility, please use the corresponding class to target individual speakers -->\n\t\t\t<div id=\"wcorg-speaker-veselin-nikolov\" class=\"wcorg-speaker wcorg-speaker-veselin-nikolov wcorg-track-track2\">\n\t\t\t\t<h2>\n\t\t\t\t\t\n\t\t\t\t\t\tVeselin Nikolov\n\t\t\t\t\t\t\t\t\t<\/h2>\n\n\t\t\t\t<div class=\"wcorg-speaker-description\">\n\t\t\t\t\t<img alt='' src='https:\/\/secure.gravatar.com\/avatar\/5f0ee9d86c04bc37653bb6adfeba93e6d5b57f2356d32c06fd2de25ad4adfbe6?s=140&#038;d=mm&#038;r=g' srcset='https:\/\/secure.gravatar.com\/avatar\/5f0ee9d86c04bc37653bb6adfeba93e6d5b57f2356d32c06fd2de25ad4adfbe6?s=280&#038;d=mm&#038;r=g 2x' class='avatar avatar-140 photo' height='140' width='140' \/>\t\t\t\t\t<p>Veselin has 17 years of experience as a Software Engineer. He joined Automattic in 2011 and for the last 6 years has been working on the WordPress.com Store.<\/p>\n<p>He&#8217;s also been part of the org. team for WordCamp Europe and WordCamp Sofia.<\/p>\n\t\t\t\t<\/div>\n\t\t\t<\/div>\n\n\t\t\n\t\t\t<!-- Organizers note: The id attribute is deprecated and only remains for backwards compatibility, please use the corresponding class to target individual speakers -->\n\t\t\t<div id=\"wcorg-speaker-manuela-van-prooijen\" class=\"wcorg-speaker wcorg-speaker-manuela-van-prooijen wcorg-track-track2\">\n\t\t\t\t<h2>\n\t\t\t\t\t\n\t\t\t\t\t\tManuela van Prooijen\n\t\t\t\t\t\t\t\t\t<\/h2>\n\n\t\t\t\t<div class=\"wcorg-speaker-description\">\n\t\t\t\t\t<img alt='' src='https:\/\/secure.gravatar.com\/avatar\/891021ead249dc011e4838124e340f708b350db879ff5384fb1371a2932d0c5a?s=140&#038;d=mm&#038;r=g' srcset='https:\/\/secure.gravatar.com\/avatar\/891021ead249dc011e4838124e340f708b350db879ff5384fb1371a2932d0c5a?s=280&#038;d=mm&#038;r=g 2x' class='avatar avatar-140 photo' height='140' width='140' \/>\t\t\t\t\t<p>Manuela van Prooijen (The Netherlands) started <a href=\"https:\/\/www.weblish.nl\/\" target=\"_blank\">Weblish<\/a> (WordPress and online marketing training) in 2011. She organizes every three months the WordPress Meetup Utrecht. As a certified Guerrilla Marketing Coach she advises small business owners about the possibilities of using low-budget\/creative marketing strategies. And WordPress is the perfect vehicle for this.<\/p>\n<p>She loves oldskool loud punkrock and rock music and bagels. Her first WordCamp talk was during WordCamp Netherlands October 2016. Her second talk was during WordCamp Geneva in November 2016<\/p>\n\t\t\t\t<\/div>\n\t\t\t<\/div>\n\n\t\t\n\t\t\t<!-- Organizers note: The id attribute is deprecated and only remains for backwards compatibility, please use the corresponding class to target individual speakers -->\n\t\t\t<div id=\"wcorg-speaker-thomas-kraftner\" class=\"wcorg-speaker wcorg-speaker-thomas-kraftner wcorg-track-track2\">\n\t\t\t\t<h2>\n\t\t\t\t\t\n\t\t\t\t\t\tThomas Kr\u00e4ftner\n\t\t\t\t\t\t\t\t\t<\/h2>\n\n\t\t\t\t<div class=\"wcorg-speaker-description\">\n\t\t\t\t\t<img alt='' src='https:\/\/secure.gravatar.com\/avatar\/78ce7f8287f4e09f825b4c5c6ed0b9071d7475ba34cce009ea32f7b131cb52c0?s=140&#038;d=mm&#038;r=g' srcset='https:\/\/secure.gravatar.com\/avatar\/78ce7f8287f4e09f825b4c5c6ed0b9071d7475ba34cce009ea32f7b131cb52c0?s=280&#038;d=mm&#038;r=g 2x' class='avatar avatar-140 photo' height='140' width='140' \/>\t\t\t\t\t<p>Thomas Kr\u00e4ftner is an interactive developer with a degree in Information Design. While having a clear focus on web development, he always keeps his mind open and has a good understanding of a lot of surrounding fields. With 9 years of professional experience as a freelancer his topmost goal is to present his clients content in exciting, effective and aesthetically appealing ways.<\/p>\n<p>Apart from online presences he is also interested in concise information-visualizations and interesting generative design. He is an active member of the WordPress Development Community on Stackexchange and has been co-organizing the WPVienna Meetup since 2014 as well as WordCamp Vienna 2015.<\/p>\n\t\t\t\t<\/div>\n\t\t\t<\/div>\n\n\t\t\n\t\t\t<!-- Organizers note: The id attribute is deprecated and only remains for backwards compatibility, please use the corresponding class to target individual speakers -->\n\t\t\t<div id=\"wcorg-speaker-heinz-duschanek\" class=\"wcorg-speaker wcorg-speaker-heinz-duschanek wcorg-track-track2\">\n\t\t\t\t<h2>\n\t\t\t\t\t\n\t\t\t\t\t\tHeinz Duschanek\n\t\t\t\t\t\t\t\t\t<\/h2>\n\n\t\t\t\t<div class=\"wcorg-speaker-description\">\n\t\t\t\t\t<img alt='' src='https:\/\/secure.gravatar.com\/avatar\/4ca5b130dab652c4676a72a6ed627cf1520e97626afc3cf33f9b57dbca6d105e?s=140&#038;d=mm&#038;r=g' srcset='https:\/\/secure.gravatar.com\/avatar\/4ca5b130dab652c4676a72a6ed627cf1520e97626afc3cf33f9b57dbca6d105e?s=280&#038;d=mm&#038;r=g 2x' class='avatar avatar-140 photo' height='140' width='140' \/>\t\t\t\t\t<p>Heinz Duschanek was fascinated by the internet and its colourful ways of<br \/>\nusage since 1994. At that time playing with HTML was a hobby for him, but<br \/>\nsoon he turned it into a profession. The creation of the website of the<br \/>\nAustrian radio station \u00d63 was the first outcome. After working for internet<br \/>\nservice providers the launch of his own agency &#8220;<a href=\"https:\/\/www.ewerkstatt.com\/\" target=\"_blank\">Online-Marketing Agentur<\/a><br \/>\nE-Werkstatt&#8221; was a logical next step.<\/p>\n<p>Encounters with Typo3 and Joomla consolidated his love of WordPress. Other main professional pillars are the optimization of AdWords and Facebook campaigns, as well as holding courses at WIFI Wien and working as lecturer at the WU Executive Academy. Privately you find him in boxing gyms as well as in Tango Argentino milongas and Lindy Hop socials. Please ask him yourself about what this is.<\/p>\n\t\t\t\t<\/div>\n\t\t\t<\/div>\n\n\t\t\n\t\t\t<!-- Organizers note: The id attribute is deprecated and only remains for backwards compatibility, please use the corresponding class to target individual speakers -->\n\t\t\t<div id=\"wcorg-speaker-tania-kocher\" class=\"wcorg-speaker wcorg-speaker-tania-kocher wcorg-track-track2\">\n\t\t\t\t<h2>\n\t\t\t\t\t\n\t\t\t\t\t\tTania Kocher\n\t\t\t\t\t\t\t\t\t<\/h2>\n\n\t\t\t\t<div class=\"wcorg-speaker-description\">\n\t\t\t\t\t<img alt='' src='https:\/\/secure.gravatar.com\/avatar\/a690bc7a55196a2ffc02faefac497d9644256062b705c0b578d23f42416df0a8?s=140&#038;d=mm&#038;r=g' srcset='https:\/\/secure.gravatar.com\/avatar\/a690bc7a55196a2ffc02faefac497d9644256062b705c0b578d23f42416df0a8?s=280&#038;d=mm&#038;r=g 2x' class='avatar avatar-140 photo' height='140' width='140' \/>\t\t\t\t\t<p>Tania Kocher \u2013 Die AdWords-Queen in Wien. Zugereist aus Salzburg Stadt studierte sie Publizistik und BWL und sprang 2009 auf den Zug der Online-Marketing-Branche. Nach Stationen in Agenturen und bei Google \u00d6sterreich, gr\u00fcndete sie 2012 ihr eigenes Unternehmen <a href=\"http:\/\/www.contentcook.at\/\" target=\"_blank\">Content Cook<\/a> und fokussierte auf Suchmaschinenmarketing f\u00fcr namhafte Kunden in den Branchen Tourismus, Pharma und E-Commerce. Au\u00dferdem h\u00e4lt sie seit 5 Jahren regelm\u00e4\u00dfig und leidenschaftlich gerne Trainings und Workshops.<\/p>\n\t\t\t\t<\/div>\n\t\t\t<\/div>\n\n\t\t\n\t\t\t<!-- Organizers note: The id attribute is deprecated and only remains for backwards compatibility, please use the corresponding class to target individual speakers -->\n\t\t\t<div id=\"wcorg-speaker-thiemo-sammern\" class=\"wcorg-speaker wcorg-speaker-thiemo-sammern wcorg-track-track1\">\n\t\t\t\t<h2>\n\t\t\t\t\t\n\t\t\t\t\t\tThiemo Sammern\n\t\t\t\t\t\t\t\t\t<\/h2>\n\n\t\t\t\t<div class=\"wcorg-speaker-description\">\n\t\t\t\t\t<img alt='' src='https:\/\/secure.gravatar.com\/avatar\/0ed43be642d1439773efb4ea9c2b481061ab2ec86239cfe396dfa7cd9b47d38d?s=140&#038;d=mm&#038;r=g' srcset='https:\/\/secure.gravatar.com\/avatar\/0ed43be642d1439773efb4ea9c2b481061ab2ec86239cfe396dfa7cd9b47d38d?s=280&#038;d=mm&#038;r=g 2x' class='avatar avatar-140 photo' height='140' width='140' \/>\t\t\t\t\t<p>20+ years of software development experience; managing partner at <a href=\"https:\/\/methis.at\/\" target=\"_blank\">METHIS<\/a> worked on topics like database management, application development and data privacy for and with clients like BMW Group, Accenture, SAP, Ricoh, &#8230;<\/p>\n\t\t\t\t<\/div>\n\t\t\t<\/div>\n\n\t\t\n\t\t\t<!-- Organizers note: The id attribute is deprecated and only remains for backwards compatibility, please use the corresponding class to target individual speakers -->\n\t\t\t<div id=\"wcorg-speaker-andres-cifuentes\" class=\"wcorg-speaker wcorg-speaker-andres-cifuentes wcorg-track-track1\">\n\t\t\t\t<h2>\n\t\t\t\t\t\n\t\t\t\t\t\tAndres Cifuentes\n\t\t\t\t\t\t\t\t\t<\/h2>\n\n\t\t\t\t<div class=\"wcorg-speaker-description\">\n\t\t\t\t\t<img alt='' src='https:\/\/secure.gravatar.com\/avatar\/f1afbdd2482acadf9abeb069d68bb464523a791068e34269c1330ca1671460c4?s=140&#038;d=mm&#038;r=g' srcset='https:\/\/secure.gravatar.com\/avatar\/f1afbdd2482acadf9abeb069d68bb464523a791068e34269c1330ca1671460c4?s=280&#038;d=mm&#038;r=g 2x' class='avatar avatar-140 photo' height='140' width='140' \/>\t\t\t\t\t<p>Colombian front-end developer currently living in Sevilla after working in Paris for five years. I am a WordPress enthusiast working at <a href=\"https:\/\/www.onthegosystems.com\/\" target=\"_blank\">OnTheGoSystems<\/a> in support, training and lately as a Community Events leader.<\/p>\n<p>I am a Colombian coffee addict, a traveler and an eternal languages student.<\/p>\n\t\t\t\t<\/div>\n\t\t\t<\/div>\n\n\t\t\n\t\t\t<!-- Organizers note: The id attribute is deprecated and only remains for backwards compatibility, please use the corresponding class to target individual speakers -->\n\t\t\t<div id=\"wcorg-speaker-stefan-krajczar\" class=\"wcorg-speaker wcorg-speaker-stefan-krajczar wcorg-track-track1\">\n\t\t\t\t<h2>\n\t\t\t\t\t\n\t\t\t\t\t\tStefan Krajczar\n\t\t\t\t\t\t\t\t\t<\/h2>\n\n\t\t\t\t<div class=\"wcorg-speaker-description\">\n\t\t\t\t\t<img alt='' src='https:\/\/secure.gravatar.com\/avatar\/f5f41127af946c33bd854b238d068dcdca1f35e96c624158e392d4f36bf366bf?s=140&#038;d=mm&#038;r=g' srcset='https:\/\/secure.gravatar.com\/avatar\/f5f41127af946c33bd854b238d068dcdca1f35e96c624158e392d4f36bf366bf?s=280&#038;d=mm&#038;r=g 2x' class='avatar avatar-140 photo' height='140' width='140' \/>\t\t\t\t\t<p>Stefan Krajczar likes eCommerce and WordPress. (\u2026and ice cream.) He is the founder of \u201c<a href=\"http:\/\/skberatung.at\/\">SK Beratung<\/a>\u201d, a consulting company for eCommerce and Web. In the year 2000 he made his first Website, after the millennial crash didn\u2019t happen. The WordPress spirit got him in 2013.<\/p>\n<p>Before launching a company he was in sales and project management. In 2015 he was one of the co-founders of <a href=\"http:\/\/www.appvelox.com\/\">Appvelox GmbH<\/a>, a growing career platform.<\/p>\n<p>Stefan is MBA Student at the Donau Universit\u00e4t Krems, E-Commerce Manager and Google AdWords Partner.\u00a0He is Austrian citizen, lives in Vienna and speaks German &amp; English.<\/p>\n\t\t\t\t<\/div>\n\t\t\t<\/div>\n\n\t\t\n\t\t\t<!-- Organizers note: The id attribute is deprecated and only remains for backwards compatibility, please use the corresponding class to target individual speakers -->\n\t\t\t<div id=\"wcorg-speaker-thomas-macdonald\" class=\"wcorg-speaker wcorg-speaker-thomas-macdonald wcorg-track-track-dev\">\n\t\t\t\t<h2>\n\t\t\t\t\t\n\t\t\t\t\t\tThomas Macdonald\n\t\t\t\t\t\t\t\t\t<\/h2>\n\n\t\t\t\t<div class=\"wcorg-speaker-description\">\n\t\t\t\t\t<img alt='' src='https:\/\/secure.gravatar.com\/avatar\/7bd24b3623a8b4663a7b1dff9bbc0d5d4d315cf5b93c47df62dd4e43df7896d9?s=140&#038;d=mm&#038;r=g' srcset='https:\/\/secure.gravatar.com\/avatar\/7bd24b3623a8b4663a7b1dff9bbc0d5d4d315cf5b93c47df62dd4e43df7896d9?s=280&#038;d=mm&#038;r=g 2x' class='avatar avatar-140 photo' height='140' width='140' \/>\t\t\t\t\t<p>I have been a fervent user of Open Source and Linux for a very long time, having installed my first Suse distribution at the age of 16. These days I use Gentoo, Debian or NixOS.<br \/>\nAfter freelancing for 4 years here in beautiful Vienna, Austria, I became the lead dev at <a href=\"https:\/\/www.yelsterdigital.com\/\" target=\"_blank\" rel=\"nofollow\">yelster digital GmbH<\/a>, running the Site Privil\u00e8ge platform &#8211; about 3000 websites and growing, all running on a WordPress multisite installation.<\/p>\n\t\t\t\t<\/div>\n\t\t\t<\/div>\n\n\t\t\n\t\t\t<!-- Organizers note: The id attribute is deprecated and only remains for backwards compatibility, please use the corresponding class to target individual speakers -->\n\t\t\t<div id=\"wcorg-speaker-franz-wieser\" class=\"wcorg-speaker wcorg-speaker-franz-wieser wcorg-track-contributor-3 wcorg-track-track-dev\">\n\t\t\t\t<h2>\n\t\t\t\t\t\n\t\t\t\t\t\tFranz Wieser\n\t\t\t\t\t\t\t\t\t<\/h2>\n\n\t\t\t\t<div class=\"wcorg-speaker-description\">\n\t\t\t\t\t<img alt='' src='https:\/\/secure.gravatar.com\/avatar\/1ab74fc0118e589f085cdd84fe5b7a1073ea2aefb5b6fe33247a4428aa4bf078?s=140&#038;d=mm&#038;r=g' srcset='https:\/\/secure.gravatar.com\/avatar\/1ab74fc0118e589f085cdd84fe5b7a1073ea2aefb5b6fe33247a4428aa4bf078?s=280&#038;d=mm&#038;r=g 2x' class='avatar avatar-140 photo' height='140' width='140' \/>\t\t\t\t\t<p>Entwickler im Internetbereich seit 1991 Aktiv in Linuxcommnunity, Anwender Training, Web und Datenbankentwicklungen, Serverorganisation, usw.<\/p>\n\t\t\t\t<\/div>\n\t\t\t<\/div>\n\n\t\t\n\t\t\t<!-- Organizers note: The id attribute is deprecated and only remains for backwards compatibility, please use the corresponding class to target individual speakers -->\n\t\t\t<div id=\"wcorg-speaker-thorsten-weber\" class=\"wcorg-speaker wcorg-speaker-thorsten-weber wcorg-track-track2\">\n\t\t\t\t<h2>\n\t\t\t\t\t\n\t\t\t\t\t\tThorsten Weber\n\t\t\t\t\t\t\t\t\t<\/h2>\n\n\t\t\t\t<div class=\"wcorg-speaker-description\">\n\t\t\t\t\t<img alt='' src='https:\/\/secure.gravatar.com\/avatar\/f0a49509a9774712669fedbcdb98e8b783f0ba897c0775b1410ca1765adfd144?s=140&#038;d=mm&#038;r=g' srcset='https:\/\/secure.gravatar.com\/avatar\/f0a49509a9774712669fedbcdb98e8b783f0ba897c0775b1410ca1765adfd144?s=280&#038;d=mm&#038;r=g 2x' class='avatar avatar-140 photo' height='140' width='140' \/>\t\t\t\t\t<p>Thorsten Weber ist DJ, Podcaster, Blogger, Webmaster und virtueller DJ-Mentor.<\/p>\n<p>Seit mehreren Jahren schreibt Thorsten \u00fcber das Auflegen auf seiner DJ-Webseite <a href=\"http:\/\/www.rewerb.com\/\" target=\"_blank\">http:\/\/www.rewerb.com\/<\/a>.<\/p>\n<p>Unter seinem K\u00fcnstlernamen DJ Rewerb legt er am Wochenende als Discjockey auf. Als Resident-DJ begeistert er regelm\u00e4\u00dfig das Publikum im Terminal90 in N\u00fcrnberg. Au\u00dferdem ist er als Booking-DJ in S\u00fcddeutschland sowie bis nach Graz und Ibiza unterwegs. Ein paar Mal spielte DJ Rewerb sogar w\u00e4hrend der Winter Music Conference in Miami.<\/p>\n<p>Mit dem Podcasting begann Thorsten im Jahr 2013. Seine <a href=\"http:\/\/houseschuh.com\/de\/\" target=\"_blank\">DJ-Mix-Show Houseschuh<\/a> erreicht mehr als 2.500 H\u00f6rer. Vor zwei Jahren gr\u00fcndete Thorsten als Co-Moderator den Hochzeits-DJ-Akademie Podcast.<\/p>\n<p>F\u00fcr alle Webseiten und Podcasts nutzt Thorsten einen E-Mail-Verteiler im Online-Marketing-Mix.<\/p>\n\t\t\t\t<\/div>\n\t\t\t<\/div>\n\n\t\t\n\t\t\t<!-- Organizers note: The id attribute is deprecated and only remains for backwards compatibility, please use the corresponding class to target individual speakers -->\n\t\t\t<div id=\"wcorg-speaker-viktoria-egger\" class=\"wcorg-speaker wcorg-speaker-viktoria-egger wcorg-track-track1\">\n\t\t\t\t<h2>\n\t\t\t\t\t\n\t\t\t\t\t\tViktoria Egger\n\t\t\t\t\t\t\t\t\t<\/h2>\n\n\t\t\t\t<div class=\"wcorg-speaker-description\">\n\t\t\t\t\t<img alt='' src='https:\/\/secure.gravatar.com\/avatar\/0521f45818c6fc97050afe4417d8e67608c24613feb6b90a5441bd2915eb427c?s=140&#038;d=mm&#038;r=g' srcset='https:\/\/secure.gravatar.com\/avatar\/0521f45818c6fc97050afe4417d8e67608c24613feb6b90a5441bd2915eb427c?s=280&#038;d=mm&#038;r=g 2x' class='avatar avatar-140 photo' height='140' width='140' \/>\t\t\t\t\t<p>Viktoria Egger found her passion for blogging &amp; online marketing after her master degree in business administration . She worked for a US company as a online Marketing Specialist and built her own <a href=\"http:\/\/www.weibi.at\/\" target=\"_blank\">lifestyle blog<\/a> in 2009. Afterwards she created her own <a href=\"http:\/\/www.august.at\/\" target=\"_blank\">online marketing Agency &#8220;August&#8221;<\/a> that today is specialized in influencer marketing &amp; influencer Management. Beside that, Viktoria created the <a href=\"http:\/\/www.lifestyleblogger.at\/\" target=\"_blank\">Austrian Lifestyleblogger<\/a> Community in which Bloggers can network, are able to attend workshops and more.<\/p>\n\t\t\t\t<\/div>\n\t\t\t<\/div>\n\n\t\t\n\t\t\t<!-- Organizers note: The id attribute is deprecated and only remains for backwards compatibility, please use the corresponding class to target individual speakers -->\n\t\t\t<div id=\"wcorg-speaker-manuel-matuzovic\" class=\"wcorg-speaker wcorg-speaker-manuel-matuzovic wcorg-track-track1\">\n\t\t\t\t<h2>\n\t\t\t\t\t\n\t\t\t\t\t\tManuel Matuzovic\n\t\t\t\t\t\t\t\t\t<\/h2>\n\n\t\t\t\t<div class=\"wcorg-speaker-description\">\n\t\t\t\t\t<img alt='' src='https:\/\/secure.gravatar.com\/avatar\/de3be7ba94c6a1bf0e69c7c0af6de3e54b8bcc53e716f54c972e080745128dac?s=140&#038;d=mm&#038;r=g' srcset='https:\/\/secure.gravatar.com\/avatar\/de3be7ba94c6a1bf0e69c7c0af6de3e54b8bcc53e716f54c972e080745128dac?s=280&#038;d=mm&#038;r=g 2x' class='avatar avatar-140 photo' height='140' width='140' \/>\t\t\t\t\t<p>Manuel is a front-end developer from Vienna who\u2019s specialised in HTML, CSS and frontend performance. Recently he started to learn as much as possible about web accessibility in order to make the websites he develops more usable and accessible.<\/p>\n<p>He works as a frontend developer for different clients and teaches HTML and CSS. Manuel is also one of the organizers of the <a href=\"https:\/\/www.meetup.com\/webclerks\/\" target=\"_blank\">webclerks meetup in Vienna<\/a>. You can see what he\u2019s currently up to on his <a href=\"https:\/\/medium.com\/@matuzo\" target=\"_blank\">Medium page<\/a> or on <a href=\"https:\/\/twitter.com\/mmatuzo\" target=\"_blank\">Twitter<\/a>.<\/p>\n\t\t\t\t<\/div>\n\t\t\t<\/div>\n\n\t\t\n\t\t\t<!-- Organizers note: The id attribute is deprecated and only remains for backwards compatibility, please use the corresponding class to target individual speakers -->\n\t\t\t<div id=\"wcorg-speaker-brigitte-schuch\" class=\"wcorg-speaker wcorg-speaker-brigitte-schuch wcorg-track-track2\">\n\t\t\t\t<h2>\n\t\t\t\t\t\n\t\t\t\t\t\tBrigitte Sch\u00fcch\n\t\t\t\t\t\t\t\t\t<\/h2>\n\n\t\t\t\t<div class=\"wcorg-speaker-description\">\n\t\t\t\t\t<img alt='' src='https:\/\/secure.gravatar.com\/avatar\/da552dddb63bc90f0754b737924baeea6439759d62a62ada97d51f2718e5eb2e?s=140&#038;d=mm&#038;r=g' srcset='https:\/\/secure.gravatar.com\/avatar\/da552dddb63bc90f0754b737924baeea6439759d62a62ada97d51f2718e5eb2e?s=280&#038;d=mm&#038;r=g 2x' class='avatar avatar-140 photo' height='140' width='140' \/>\t\t\t\t\t<p>I started to write HTML&amp;CSS nearly 20 years ago, fascinated by all these possibilities, what you can do, and how fast this World Wide Web was (and still is) growing. And I always supported the accessibility. This means creating <a href=\"http:\/\/www.sternenstaub.at\/\" target=\"_blank\">web pages that everyone can use<\/a>, regardless of hardware, software, or any sensory or physical impairment. Two good reasons to love WordPress! It is very easy to change the code and usually the themes are accessible for all people. <\/p>\n\t\t\t\t<\/div>\n\t\t\t<\/div>\n\n\t\t\n\t\t\t<!-- Organizers note: The id attribute is deprecated and only remains for backwards compatibility, please use the corresponding class to target individual speakers -->\n\t\t\t<div id=\"wcorg-speaker-aleksander-kuczek\" class=\"wcorg-speaker wcorg-speaker-aleksander-kuczek wcorg-track-contributor-2 wcorg-track-track-dev\">\n\t\t\t\t<h2>\n\t\t\t\t\t\n\t\t\t\t\t\tAleksander Kuczek\n\t\t\t\t\t\t\t\t\t<\/h2>\n\n\t\t\t\t<div class=\"wcorg-speaker-description\">\n\t\t\t\t\t<img alt='' src='https:\/\/secure.gravatar.com\/avatar\/107459d9b459b0043f4f0bae73dcb1931310a8766dc342fec579337c7f8608a5?s=140&#038;d=mm&#038;r=g' srcset='https:\/\/secure.gravatar.com\/avatar\/107459d9b459b0043f4f0bae73dcb1931310a8766dc342fec579337c7f8608a5?s=280&#038;d=mm&#038;r=g 2x' class='avatar avatar-140 photo' height='140' width='140' \/>\t\t\t\t\t<p>CEO <a href=\"https:\/\/perfectdashboard.com\/\" target=\"_blank\">Perfect Dashboard<\/a>.\u00a0<span class=\"s1\">VP of Joomla. OpenSource CMS aficionado. Joomla Extension Directory team member, and WordPress Directory aspiring team member. Speaks at WordCamps and Joomla Days in Europe, USA &amp; India. <\/span><\/p>\n<p><span class=\"s1\">He advises website makers &amp; plugin developers on growing their income. Foodie &amp; computer games freak. Loves Kaiserschmarrn.<\/span><\/p>\n\t\t\t\t<\/div>\n\t\t\t<\/div>\n\n\t\t\n\t\t\t<!-- Organizers note: The id attribute is deprecated and only remains for backwards compatibility, please use the corresponding class to target individual speakers -->\n\t\t\t<div id=\"wcorg-speaker-thomas-kloos\" class=\"wcorg-speaker wcorg-speaker-thomas-kloos wcorg-track-track2\">\n\t\t\t\t<h2>\n\t\t\t\t\t\n\t\t\t\t\t\tThomas Kloos\n\t\t\t\t\t\t\t\t\t<\/h2>\n\n\t\t\t\t<div class=\"wcorg-speaker-description\">\n\t\t\t\t\t<img alt='' src='https:\/\/secure.gravatar.com\/avatar\/23669473f98a5ab45e48fa91eff8246008daaace4d861d46217ef3941f2e0a66?s=140&#038;d=mm&#038;r=g' srcset='https:\/\/secure.gravatar.com\/avatar\/23669473f98a5ab45e48fa91eff8246008daaace4d861d46217ef3941f2e0a66?s=280&#038;d=mm&#038;r=g 2x' class='avatar avatar-140 photo' height='140' width='140' \/>\t\t\t\t\t<p>Thomas Kloos has been working in the field of online communication and search engine optimization since 2001. In 2010, he founded the company <a href=\"https:\/\/www.kloos.at\/\" target=\"_blank\">.kloos \u2013 SEO, Webdesign, Internet Marketing<\/a> e.U. His strengths lie in the analysis and development of successful SEO and AdWords strategies. He has worked with clients from a dozen different countries, on large and small projects from every possible field. Thomas combines years of experience with the latest knowledge and findings the industry has to offer.<\/p>\n\t\t\t\t<\/div>\n\t\t\t<\/div>\n\n\t\t\n\t\t\t<!-- Organizers note: The id attribute is deprecated and only remains for backwards compatibility, please use the corresponding class to target individual speakers -->\n\t\t\t<div id=\"wcorg-speaker-ritchie-pettauer\" class=\"wcorg-speaker wcorg-speaker-ritchie-pettauer\">\n\t\t\t\t<h2>\n\t\t\t\t\t\n\t\t\t\t\t\tRitchie Pettauer\n\t\t\t\t\t\t\t\t\t<\/h2>\n\n\t\t\t\t<div class=\"wcorg-speaker-description\">\n\t\t\t\t\t<img alt='' src='https:\/\/secure.gravatar.com\/avatar\/68f2a5f2d0cd7a4477d71e4619fe885f748370713ce8478d7427607f0ba99361?s=140&#038;d=mm&#038;r=g' srcset='https:\/\/secure.gravatar.com\/avatar\/68f2a5f2d0cd7a4477d71e4619fe885f748370713ce8478d7427607f0ba99361?s=280&#038;d=mm&#038;r=g 2x' class='avatar avatar-140 photo' height='140' width='140' \/>\t\t\t\t\t<p>I am a lecturer at the University of Vienna, an online marketing consultant and (suprise!) a WordPress Blogger since 2006.<\/p>\n<p>My blog <a href=\"https:\/\/datenschmutz.net\/\" target=\"_blank\">datenschmutz.net<\/a> features tutorials and news about online marketing, social media and corporate blogging.<\/p>\n\t\t\t\t<\/div>\n\t\t\t<\/div>\n\n\t\t\n\t\t\t<!-- Organizers note: The id attribute is deprecated and only remains for backwards compatibility, please use the corresponding class to target individual speakers -->\n\t\t\t<div id=\"wcorg-speaker-jacqueline-rinnhofer\" class=\"wcorg-speaker wcorg-speaker-jacqueline-rinnhofer wcorg-track-track-dev\">\n\t\t\t\t<h2>\n\t\t\t\t\t\n\t\t\t\t\t\tJacqueline Rinnhofer and Jakub Polomsky\n\t\t\t\t\t\t\t\t\t<\/h2>\n\n\t\t\t\t<div class=\"wcorg-speaker-description\">\n\t\t\t\t\t<img alt='' src='https:\/\/secure.gravatar.com\/avatar\/?s=140&#038;d=mm&#038;r=g' srcset='https:\/\/secure.gravatar.com\/avatar\/?s=280&#038;d=mm&#038;r=g 2x' class='avatar avatar-140 photo avatar-default' height='140' width='140' \/>\t\t\t\t\t<p>Jacqueline and Jakub are both experienced software developers working for the Graz-based payment service provider Wirecard CEE. They are responsible for developing payment plugins for e-commerce platforms.<\/p>\n<p>Passionate about structured programming, Jacqueline works mainly with PHP and open-source based systems.<\/p>\n<p>Jakub, highly interested in innovative trends and technologies, is always looking for exciting tools available on the market. But these tools never meet his high expectations, and so he writes his own software for further developments.<\/p>\n<p><img loading=\"lazy\" decoding=\"async\" data-attachment-id=\"1398\" data-permalink=\"https:\/\/vienna.wordcamp.org\/2017\/speaker\/jacqueline-rinnhofer\/wdcee_speaker_rinnhofer_polomsky\/\" data-orig-file=\"https:\/\/vienna.wordcamp.org\/2017\/files\/2017\/04\/WDCEE_Speaker_Rinnhofer_Polomsky.jpeg\" data-orig-size=\"640,427\" data-comments-opened=\"1\" data-image-meta=\"{&quot;aperture&quot;:&quot;0&quot;,&quot;credit&quot;:&quot;&quot;,&quot;camera&quot;:&quot;&quot;,&quot;caption&quot;:&quot;&quot;,&quot;created_timestamp&quot;:&quot;1491487475&quot;,&quot;copyright&quot;:&quot;&quot;,&quot;focal_length&quot;:&quot;0&quot;,&quot;iso&quot;:&quot;0&quot;,&quot;shutter_speed&quot;:&quot;0&quot;,&quot;title&quot;:&quot;&quot;,&quot;orientation&quot;:&quot;0&quot;}\" data-image-title=\"WDCEE_Speaker_Rinnhofer_Polomsky\" data-image-description=\"\" data-image-caption=\"\" data-large-file=\"https:\/\/vienna.wordcamp.org\/2017\/files\/2017\/04\/WDCEE_Speaker_Rinnhofer_Polomsky.jpeg\" class=\"alignnone size-medium wp-image-1398\" src=\"https:\/\/2017.vienna.wordcamp.org\/files\/2017\/04\/WDCEE_Speaker_Rinnhofer_Polomsky-300x200.jpeg\" alt=\"\" width=\"300\" height=\"200\" srcset=\"https:\/\/vienna.wordcamp.org\/2017\/files\/2017\/04\/WDCEE_Speaker_Rinnhofer_Polomsky-300x200.jpeg 300w, https:\/\/vienna.wordcamp.org\/2017\/files\/2017\/04\/WDCEE_Speaker_Rinnhofer_Polomsky-450x300.jpeg 450w, https:\/\/vienna.wordcamp.org\/2017\/files\/2017\/04\/WDCEE_Speaker_Rinnhofer_Polomsky.jpeg 640w\" sizes=\"auto, (max-width: 300px) 100vw, 300px\" \/><\/p>\n\t\t\t\t<\/div>\n\t\t\t<\/div>\n\n\t\t\n\t\t\t<!-- Organizers note: The id attribute is deprecated and only remains for backwards compatibility, please use the corresponding class to target individual speakers -->\n\t\t\t<div id=\"wcorg-speaker-bruce-jackson\" class=\"wcorg-speaker wcorg-speaker-bruce-jackson wcorg-track-contributor-1\">\n\t\t\t\t<h2>\n\t\t\t\t\t\n\t\t\t\t\t\tBruce Jackson\n\t\t\t\t\t\t\t\t\t<\/h2>\n\n\t\t\t\t<div class=\"wcorg-speaker-description\">\n\t\t\t\t\t<img alt='' src='https:\/\/secure.gravatar.com\/avatar\/9adbae6c1d61157b2d9bf4d32b86ffbaa624123957b32753857d6525438109d9?s=140&#038;d=mm&#038;r=g' srcset='https:\/\/secure.gravatar.com\/avatar\/9adbae6c1d61157b2d9bf4d32b86ffbaa624123957b32753857d6525438109d9?s=280&#038;d=mm&#038;r=g 2x' class='avatar avatar-140 photo' height='140' width='140' \/>\t\t\t\t\t<p>Bruce is an Australian who\u2019s been living in Austria for the last 22 years. He\u2019s an <a href=\"http:\/\/www.seocoach.at\/\" target=\"_blank\">SEO specialist<\/a> and <a href=\"https:\/\/www.websicherheit.at\/\" target=\"_blank\">Website Security Specialist<\/a> based in Nieder\u00f6sterreich with over 15 years experience with Search Engine Optimisation and Web Application design. He has been using WordPress for the last 5 years and has learnt lots of shortcuts and tricks that he loves passing on to others. Clarifying SEO and online marketing for business owners is his passion. He is an active member of Vienna WordPress Meetup where he presented \u201c<a href=\"http:\/\/www.seocoach.at\/rank-first-in-google\/\">how to rank first in Google<\/a>\u201d and presented at Wordcamp Vienna 2015 and volunteered at WordCamp Europe 2016.<\/p>\n\t\t\t\t<\/div>\n\t\t\t<\/div>\n\n\t\t\n\t\t\t<!-- Organizers note: The id attribute is deprecated and only remains for backwards compatibility, please use the corresponding class to target individual speakers -->\n\t\t\t<div id=\"wcorg-speaker-dario-jazbec-hrvatin\" class=\"wcorg-speaker wcorg-speaker-dario-jazbec-hrvatin wcorg-track-track1\">\n\t\t\t\t<h2>\n\t\t\t\t\t\n\t\t\t\t\t\tDario Jazbec Hrvatin\n\t\t\t\t\t\t\t\t\t<\/h2>\n\n\t\t\t\t<div class=\"wcorg-speaker-description\">\n\t\t\t\t\t<img alt='' src='https:\/\/secure.gravatar.com\/avatar\/?s=140&#038;d=mm&#038;r=g' srcset='https:\/\/secure.gravatar.com\/avatar\/?s=280&#038;d=mm&#038;r=g 2x' class='avatar avatar-140 photo avatar-default' height='140' width='140' \/>\t\t\t\t\t\t\t\t\t<\/div>\n\t\t\t<\/div>\n\n\t\t\n\t<\/div>\n\n\t\n","protected":false},"excerpt":{"rendered":"<p>A selection of our great speakers, who will be sharing their knowledge on Saturday<\/p>\n","protected":false},"author":14068104,"featured_media":0,"parent":0,"menu_order":0,"comment_status":"closed","ping_status":"closed","template":"","meta":{"_crdt_document":"","jetpack_post_was_ever_published":false,"footnotes":""},"class_list":["post-8","page","type-page","status-publish","hentry"],"jetpack_sharing_enabled":true,"jetpack_shortlink":"https:\/\/wp.me\/P83pgp-8","_links":{"self":[{"href":"https:\/\/vienna.wordcamp.org\/2017\/wp-json\/wp\/v2\/pages\/8","targetHints":{"allow":["GET"]}}],"collection":[{"href":"https:\/\/vienna.wordcamp.org\/2017\/wp-json\/wp\/v2\/pages"}],"about":[{"href":"https:\/\/vienna.wordcamp.org\/2017\/wp-json\/wp\/v2\/types\/page"}],"author":[{"embeddable":true,"href":"https:\/\/vienna.wordcamp.org\/2017\/wp-json\/wp\/v2\/users\/14068104"}],"replies":[{"embeddable":true,"href":"https:\/\/vienna.wordcamp.org\/2017\/wp-json\/wp\/v2\/comments?post=8"}],"version-history":[{"count":7,"href":"https:\/\/vienna.wordcamp.org\/2017\/wp-json\/wp\/v2\/pages\/8\/revisions"}],"predecessor-version":[{"id":819,"href":"https:\/\/vienna.wordcamp.org\/2017\/wp-json\/wp\/v2\/pages\/8\/revisions\/819"}],"wp:attachment":[{"href":"https:\/\/vienna.wordcamp.org\/2017\/wp-json\/wp\/v2\/media?parent=8"}],"curies":[{"name":"wp","href":"https:\/\/api.w.org\/{rel}","templated":true}]}}